{"id":166,"date":"2020-06-02T11:08:42","date_gmt":"2020-06-02T09:08:42","guid":{"rendered":"https:\/\/www.ibid-radiologie.de\/cms\/?page_id=166"},"modified":"2023-12-31T15:30:20","modified_gmt":"2023-12-31T14:30:20","slug":"impressum","status":"publish","type":"page","link":"https:\/\/www.ibid-radiologie.de\/cms\/impressum\/","title":{"rendered":"Impressum"},"content":{"rendered":"<p>[et_pb_section fb_built=&#8220;1&#8243; disabled_on=&#8220;on|on|on&#8220; admin_label=&#8220;section&#8220; _builder_version=&#8220;4.16&#8243; disabled=&#8220;on&#8220; global_colors_info=&#8220;{}&#8220;][et_pb_row admin_label=&#8220;row&#8220; _builder_version=&#8220;4.16&#8243; background_size=&#8220;initial&#8220; background_position=&#8220;top_left&#8220; background_repeat=&#8220;repeat&#8220; global_colors_info=&#8220;{}&#8220;][et_pb_column type=&#8220;4_4&#8243; _builder_version=&#8220;4.16&#8243; custom_padding=&#8220;|||&#8220; global_colors_info=&#8220;{}&#8220; custom_padding__hover=&#8220;|||&#8220;][\/et_pb_column][\/et_pb_row][\/et_pb_section][et_pb_section fb_built=&#8220;1&#8243; _builder_version=&#8220;4.16&#8243; background_enable_image=&#8220;off&#8220; background_size=&#8220;contain&#8220; background_position=&#8220;top_left&#8220; custom_margin=&#8220;60px||||false|false&#8220; custom_margin_tablet=&#8220;50px||||false|false&#8220; custom_margin_phone=&#8220;&#8220; custom_margin_last_edited=&#8220;on|desktop&#8220; custom_padding=&#8220;||||false|false&#8220; global_colors_info=&#8220;{}&#8220;][et_pb_row column_structure=&#8220;1_3,2_3&#8243; use_custom_gutter=&#8220;on&#8220; gutter_width=&#8220;2&#8243; disabled_on=&#8220;off|off|off&#8220; _builder_version=&#8220;4.16&#8243; custom_margin=&#8220;||||false|false&#8220; custom_margin_tablet=&#8220;||||false|false&#8220; custom_margin_phone=&#8220;&#8220; custom_margin_last_edited=&#8220;on|phone&#8220; custom_padding=&#8220;0px||||false|false&#8220; global_colors_info=&#8220;{}&#8220;][et_pb_column type=&#8220;1_3&#8243; _builder_version=&#8220;4.16&#8243; global_colors_info=&#8220;{}&#8220;][et_pb_text content_tablet=&#8220;<\/p>\n<h2 style=%22text-align: center;%22>Datenschutz<\/h2>\n<h6 style=%22text-align: center;%22>Datenschutzerkl\u00e4rung<\/h6>\n<p>&#8220; content_phone=&#8220;<\/p>\n<h2 style=%22text-align: center;%22>Datenschutz<\/h2>\n<h6 style=%22text-align: center;%22>Datenschutzerkl\u00e4rung<\/h6>\n<p>&#8220; content_last_edited=&#8220;on|tablet&#8220; admin_label=&#8220;Titel \/ Impressum&#8220; _builder_version=&#8220;4.16&#8243; text_font=&#8220;||||||||&#8220; text_line_height=&#8220;1.8em&#8220; link_font=&#8220;Montserrat|700|||||||&#8220; link_text_color=&#8220;#fa546d&#8220; link_font_size=&#8220;22px&#8220; link_line_height=&#8220;1.5em&#8220; header_font=&#8220;||||||||&#8220; header_text_color=&#8220;#85C742&#8243; header_font_size=&#8220;44px&#8220; header_line_height=&#8220;1.4em&#8220; header_2_font=&#8220;||||||||&#8220; header_2_text_color=&#8220;#85c742&#8243; header_2_font_size=&#8220;44px&#8220; header_2_line_height=&#8220;1.4em&#8220; header_6_font=&#8220;|600||on|||||&#8220; header_6_text_color=&#8220;#939393&#8243; header_6_font_size=&#8220;16px&#8220; header_6_letter_spacing=&#8220;2px&#8220; header_6_line_height=&#8220;1.5em&#8220; module_alignment=&#8220;left&#8220; custom_margin=&#8220;||||false|false&#8220; custom_margin_tablet=&#8220;&#8220; custom_margin_phone=&#8220;&#8220; custom_margin_last_edited=&#8220;on|tablet&#8220; custom_padding=&#8220;||||false|false&#8220; custom_padding_tablet=&#8220;||||false|false&#8220; custom_padding_phone=&#8220;||||false|false&#8220; custom_padding_last_edited=&#8220;on|phone&#8220; header_font_size_tablet=&#8220;&#8220; header_font_size_phone=&#8220;28px&#8220; header_font_size_last_edited=&#8220;on|phone&#8220; header_2_font_size_tablet=&#8220;&#8220; header_2_font_size_phone=&#8220;28px&#8220; header_2_font_size_last_edited=&#8220;on|phone&#8220; global_colors_info=&#8220;{}&#8220;]<\/p>\n<h1 style=\"text-align: left;\">Impressum<\/h1>\n<h6 style=\"text-align: left;\">Nutzungsbedingungen<\/h6>\n<p>[\/et_pb_text][et_pb_divider color=&#8220;#d6d6d6&#8243; _builder_version=&#8220;4.16&#8243; global_colors_info=&#8220;{}&#8220;][\/et_pb_divider][\/et_pb_column][et_pb_column type=&#8220;2_3&#8243; _builder_version=&#8220;4.16&#8243; custom_padding_tablet=&#8220;||||false|false&#8220; custom_padding_phone=&#8220;&#8220; custom_padding_last_edited=&#8220;on|tablet&#8220; global_colors_info=&#8220;{}&#8220;][et_pb_text ul_type=&#8220;circle&#8220; content_last_edited=&#8220;off|desktop&#8220; admin_label=&#8220;Tabelle&#8220; _builder_version=&#8220;4.23.4&#8243; text_font=&#8220;||||||||&#8220; header_font=&#8220;||||||||&#8220; header_text_color=&#8220;#00ae9f&#8220; header_2_font=&#8220;|600|||||||&#8220; header_2_text_color=&#8220;#00ae9f&#8220; header_2_font_size=&#8220;44px&#8220; header_2_line_height=&#8220;1.4em&#8220; header_4_font=&#8220;||||||||&#8220; header_4_text_color=&#8220;#00ae9f&#8220; header_4_line_height=&#8220;1.3em&#8220; header_6_font=&#8220;|600||on|||||&#8220; header_6_text_color=&#8220;#85c742&#8243; header_6_font_size=&#8220;16px&#8220; header_6_letter_spacing=&#8220;2px&#8220; header_6_line_height=&#8220;1.5em&#8220; max_width_last_edited=&#8220;off|desktop&#8220; module_alignment=&#8220;left&#8220; custom_margin=&#8220;||||false|false&#8220; custom_padding=&#8220;||||false|false&#8220; header_2_font_size_tablet=&#8220;&#8220; header_2_font_size_phone=&#8220;28px&#8220; header_2_font_size_last_edited=&#8220;on|phone&#8220; header_4_font_tablet=&#8220;||||||||&#8220; header_4_font_phone=&#8220;|600|||||||&#8220; header_4_font_last_edited=&#8220;on|tablet&#8220; header_4_font_size_tablet=&#8220;&#8220; header_4_font_size_phone=&#8220;18px&#8220; header_4_font_size_last_edited=&#8220;on|desktop&#8220; header_4_line_height_tablet=&#8220;&#8220; header_4_line_height_phone=&#8220;1.3em&#8220; header_4_line_height_last_edited=&#8220;on|desktop&#8220; global_colors_info=&#8220;{}&#8220;]<\/p>\n<table>\n<tbody>\n<tr>\n<td>Herausgeber,<br \/>verantwortlich f\u00fcr den Inhalt<\/td>\n<td>IBID &#8211; Institut f\u00fcr bildgebende Diagnostik<br \/>Radiologische Praxis Dr. med. Philipp Krause<br \/>Wirthstra\u00dfe 11, 79110 Freiburg im Breisgau<br \/>Telefon: +49 (0)761 \/ 15 06 64-0, Fax: +49 (0)761 \/ 15 06 64-64<\/td>\n<\/tr>\n<tr>\n<td>Redaktion (V.i.S.d.P.)<\/td>\n<td>Dr. med. Philipp Krause<br \/>Facharzt f\u00fcr diagnostische Radiologie und innere Medizin<\/td>\n<\/tr>\n<tr>\n<td>Datenschutzbeauftragter<\/td>\n<td>Marc E. Evers<br \/>DataSEKure Rechtsanwaltsgesellschaft mbH<br \/>E-Mail: <a href=\"mailto:mevers@datasekure.de\">mevers@datasekure.de<\/a><br \/>Telefon: +49 (0)7661-972910<\/td>\n<\/tr>\n<tr>\n<td>Medizinprodukte-Beauftragter<\/td>\n<td>Dr. med. Markus C. M\u00fcller<br \/>Telefon: +49 (0)761 \/ 15 06 64-0<\/td>\n<\/tr>\n<tr>\n<td>Konzeption und Design<\/td>\n<td>beebox crossmedia werbeagentur [ <a href=\"http:\/\/www.beebox.de\" target=\"_blank\" rel=\"noopener noreferrer\">www.beebox.de<\/a> ]<\/td>\n<\/tr>\n<tr>\n<td>Fotografie<\/td>\n<td>\n<ul>\n<li>IBID &#8211; Institut f\u00fcr bildgebende Diagnostik, Freiburg<\/li>\n<li>iStockPhoto by Getty Images, Calgary (Canada)<\/li>\n<li>beebox werbeagentur, Freiburg\/Ebringen<\/li>\n<li>Klaus Polkowsky, Freiburg<\/li>\n<\/ul>\n<\/td>\n<\/tr>\n<tr>\n<td>Programmierung,<br \/>Realisierung<\/td>\n<td>beebox internet solutions [ <a href=\"http:\/\/www.beebox.com\" target=\"_blank\" rel=\"noopener noreferrer\">www.beebox.com<\/a> ]<br \/>Basierend auf WordPress [ <a href=\"http:\/\/www.wordpress.org\" target=\"_blank\" rel=\"noopener noreferrer\">www.wordpress.org<\/a> ]<\/td>\n<\/tr>\n<tr>\n<td>Web-Hosting<\/td>\n<td>beebox internet solutions [ <a href=\"http:\/\/www.beebox.com\" target=\"_blank\" rel=\"noopener noreferrer\">www.beebox.com<\/a> ]<\/td>\n<\/tr>\n<\/tbody>\n<\/table>\n<p>&nbsp;<\/p>\n<p>[\/et_pb_text][et_pb_text admin_label=&#8220;Text TMG&#8220; _builder_version=&#8220;4.16&#8243; global_colors_info=&#8220;{}&#8220;]<\/p>\n<p><strong>Weitergehende Informationspflichten laut TDG \u00a76 Abs.5<\/strong><br \/>Die \u00c4rzte des IBID sind Mitglieder der <a href=\"http:\/\/www.laek-bw.de\" target=\"_blank\" rel=\"noopener noreferrer\">Landes\u00e4rztekammer Baden-W\u00fcrttemberg<\/a> und haben ihre Berufsbezeichnung in Deutschland erworben. F\u00fcr sie gilt die Berufsordnung der \u00c4rzte in Baden-W\u00fcrttemberg. Aufsichtsbeh\u00f6rden sind die <a href=\"http:\/\/www.laek-bw.de\" target=\"_blank\" rel=\"noopener noreferrer\">Landes\u00e4rztekammer Baden-W\u00fcrttemberg<\/a> sowie die <a href=\"http:\/\/www.kvbawue.de\" target=\"_blank\" rel=\"noopener noreferrer\">Kassen\u00e4rztliche Vereinigung Baden-W\u00fcrttemberg<\/a>.<\/p>\n<p>[\/et_pb_text][\/et_pb_column][\/et_pb_row][et_pb_row column_structure=&#8220;1_3,2_3&#8243; use_custom_gutter=&#8220;on&#8220; gutter_width=&#8220;2&#8243; disabled_on=&#8220;off|off|off&#8220; module_id=&#8220;nutzungsbedingungen&#8220; _builder_version=&#8220;4.16&#8243; custom_margin=&#8220;||||false|false&#8220; custom_margin_tablet=&#8220;||||false|false&#8220; custom_margin_phone=&#8220;&#8220; custom_margin_last_edited=&#8220;on|phone&#8220; custom_padding=&#8220;0px||||false|false&#8220; global_colors_info=&#8220;{}&#8220;][et_pb_column type=&#8220;1_3&#8243; _builder_version=&#8220;4.16&#8243; global_colors_info=&#8220;{}&#8220;][\/et_pb_column][et_pb_column type=&#8220;2_3&#8243; _builder_version=&#8220;4.16&#8243; custom_padding_tablet=&#8220;||||false|false&#8220; custom_padding_phone=&#8220;&#8220; custom_padding_last_edited=&#8220;on|tablet&#8220; global_colors_info=&#8220;{}&#8220;][et_pb_divider color=&#8220;#d6d6d6&#8243; _builder_version=&#8220;4.16&#8243; custom_margin=&#8220;||0px||false|false&#8220; global_colors_info=&#8220;{}&#8220;][\/et_pb_divider][et_pb_text ul_type=&#8220;circle&#8220; content_tablet=&#8220;<\/p>\n<h4>Was sind personenbezogene Daten?<\/h4>\n<p>&#8220; content_phone=&#8220;<\/p>\n<h4>Was sind personenbezogene Daten?<\/h4>\n<p>&#8220; content_last_edited=&#8220;off|phone&#8220; admin_label=&#8220;Titel Nutzungsbedingungen&#8220; _builder_version=&#8220;4.16&#8243; text_font=&#8220;||||||||&#8220; link_font=&#8220;Montserrat|700|||||||&#8220; link_text_color=&#8220;#fa546d&#8220; link_font_size=&#8220;22px&#8220; link_line_height=&#8220;1.5em&#8220; header_font=&#8220;||||||||&#8220; header_text_color=&#8220;#00ae9f&#8220; header_2_font=&#8220;|600|||||||&#8220; header_2_text_color=&#8220;#00ae9f&#8220; header_2_font_size=&#8220;44px&#8220; header_2_line_height=&#8220;1.4em&#8220; header_4_font=&#8220;||||||||&#8220; header_4_text_color=&#8220;#00ae9f&#8220; header_4_line_height=&#8220;1.3em&#8220; header_6_font=&#8220;|600||on|||||&#8220; header_6_text_color=&#8220;#85c742&#8243; header_6_font_size=&#8220;16px&#8220; header_6_letter_spacing=&#8220;2px&#8220; header_6_line_height=&#8220;1.5em&#8220; max_width_last_edited=&#8220;off|desktop&#8220; module_alignment=&#8220;left&#8220; custom_margin=&#8220;||0px||false|false&#8220; custom_margin_tablet=&#8220;0px||||false|false&#8220; custom_margin_phone=&#8220;&#8220; custom_margin_last_edited=&#8220;on|desktop&#8220; custom_padding=&#8220;||||false|false&#8220; header_2_font_size_tablet=&#8220;&#8220; header_2_font_size_phone=&#8220;28px&#8220; header_2_font_size_last_edited=&#8220;on|phone&#8220; header_4_font_tablet=&#8220;||||||||&#8220; header_4_font_phone=&#8220;|600|||||||&#8220; header_4_font_last_edited=&#8220;on|tablet&#8220; header_4_font_size_tablet=&#8220;&#8220; header_4_font_size_phone=&#8220;18px&#8220; header_4_font_size_last_edited=&#8220;on|desktop&#8220; header_4_line_height_tablet=&#8220;&#8220; header_4_line_height_phone=&#8220;1.3em&#8220; header_4_line_height_last_edited=&#8220;on|desktop&#8220; global_colors_info=&#8220;{}&#8220;]<\/p>\n<h1>Nutzungsbedingungen<\/h1>\n<p>[\/et_pb_text][et_pb_divider color=&#8220;#d6d6d6&#8243; _builder_version=&#8220;4.16&#8243; custom_margin=&#8220;||0px||false|false&#8220; global_colors_info=&#8220;{}&#8220;][\/et_pb_divider][et_pb_text ul_type=&#8220;circle&#8220; content_last_edited=&#8220;off|desktop&#8220; admin_label=&#8220;Text Haftungsausschluss&#8220; _builder_version=&#8220;4.23.4&#8243; text_font=&#8220;||||||||&#8220; link_font=&#8220;Montserrat|700|||||||&#8220; link_text_color=&#8220;#fa546d&#8220; link_font_size=&#8220;22px&#8220; link_line_height=&#8220;1.5em&#8220; header_font=&#8220;||||||||&#8220; header_text_color=&#8220;#00ae9f&#8220; header_2_font=&#8220;|600|||||||&#8220; header_2_text_color=&#8220;#00ae9f&#8220; header_2_font_size=&#8220;44px&#8220; header_2_line_height=&#8220;1.4em&#8220; header_4_font=&#8220;||||||||&#8220; header_4_text_color=&#8220;#00ae9f&#8220; header_4_line_height=&#8220;1.3em&#8220; header_6_font=&#8220;|600||on|||||&#8220; header_6_text_color=&#8220;#85c742&#8243; header_6_font_size=&#8220;16px&#8220; header_6_letter_spacing=&#8220;2px&#8220; header_6_line_height=&#8220;1.5em&#8220; max_width_last_edited=&#8220;off|desktop&#8220; module_alignment=&#8220;left&#8220; custom_margin=&#8220;||||false|false&#8220; custom_padding=&#8220;||||false|false&#8220; header_2_font_size_tablet=&#8220;&#8220; header_2_font_size_phone=&#8220;28px&#8220; header_2_font_size_last_edited=&#8220;on|phone&#8220; header_4_font_tablet=&#8220;||||||||&#8220; header_4_font_phone=&#8220;|600|||||||&#8220; header_4_font_last_edited=&#8220;on|tablet&#8220; header_4_font_size_tablet=&#8220;&#8220; header_4_font_size_phone=&#8220;18px&#8220; header_4_font_size_last_edited=&#8220;on|desktop&#8220; header_4_line_height_tablet=&#8220;&#8220; header_4_line_height_phone=&#8220;1.3em&#8220; header_4_line_height_last_edited=&#8220;on|desktop&#8220; global_colors_info=&#8220;{}&#8220;]<\/p>\n<p><strong>Rechtlicher Hinweis, Haftungsausschluss<\/strong><br \/>Alle Web-Seiten des IBID &#8211; Instituts f\u00fcr bildgebende Diagnostik, radiologische Praxis Dr. med. Philipp Krause (nachfolgend &#8222;IBID&#8220; genannt) wurden unter Ber\u00fccksichtigung des deutschen Rechts verfasst. IBID hat die Daten auf dieser Website sorgf\u00e4ltig und nach dem neuesten Erkenntnisstand zusammengestellt. IBID kann jedoch keinerlei Garantien bez\u00fcglich der Richtigkeit und\/oder Vollst\u00e4ndigkeit der hier angegebenen oder zitierten Information, weder ausdr\u00fccklich noch implizit, abgeben.<br \/>F\u00fcr Anleitungen, Hinweise, Empfehlungen oder Einsch\u00e4tzungen wird keine Haftung \u00fcbernommen, genausowenig f\u00fcr Fehler im Text oder falsche Links. F\u00fcr s\u00e4mtliche Inhalte auf verlinkten Seiten und WebSites sind ausschlie\u00dflich die jeweiligen Betreiber verantwortlich.<br \/>Der Benutzer dieser Website erkennt an, dass deren Gebrauch sowie der Gebrauch der damit verbundenen Sites ausschliesslich auf dessen eigene Gefahr erfolgt und dass weder IBID noch eine andere Partei, die an der Erstellung der Informationen beteiligt war, eine Haftung f\u00fcr direkte, indirekte oder Folgesch\u00e4den jedwelcher Art \u00fcbernimmt. Alle erw\u00e4hnten Markennamen sind gesetzlich gesch\u00fctzt.<\/p>\n<p>[\/et_pb_text][et_pb_text ul_type=&#8220;circle&#8220; content_last_edited=&#8220;off|desktop&#8220; admin_label=&#8220;Text Copyright&#8220; _builder_version=&#8220;4.16&#8243; text_font=&#8220;||||||||&#8220; header_font=&#8220;||||||||&#8220; header_text_color=&#8220;#00ae9f&#8220; header_2_font=&#8220;|600|||||||&#8220; header_2_text_color=&#8220;#00ae9f&#8220; header_2_font_size=&#8220;44px&#8220; header_2_line_height=&#8220;1.4em&#8220; header_4_font=&#8220;||||||||&#8220; header_4_text_color=&#8220;#00ae9f&#8220; header_4_line_height=&#8220;1.3em&#8220; header_6_font=&#8220;|600||on|||||&#8220; header_6_text_color=&#8220;#85c742&#8243; header_6_font_size=&#8220;16px&#8220; header_6_letter_spacing=&#8220;2px&#8220; header_6_line_height=&#8220;1.5em&#8220; max_width_last_edited=&#8220;off|desktop&#8220; module_alignment=&#8220;left&#8220; custom_margin=&#8220;||||false|false&#8220; custom_padding=&#8220;||||false|false&#8220; header_2_font_size_tablet=&#8220;&#8220; header_2_font_size_phone=&#8220;28px&#8220; header_2_font_size_last_edited=&#8220;on|phone&#8220; header_4_font_tablet=&#8220;||||||||&#8220; header_4_font_phone=&#8220;|600|||||||&#8220; header_4_font_last_edited=&#8220;on|tablet&#8220; header_4_font_size_tablet=&#8220;&#8220; header_4_font_size_phone=&#8220;18px&#8220; header_4_font_size_last_edited=&#8220;on|desktop&#8220; header_4_line_height_tablet=&#8220;&#8220; header_4_line_height_phone=&#8220;1.3em&#8220; header_4_line_height_last_edited=&#8220;on|desktop&#8220; global_colors_info=&#8220;{}&#8220;]<\/p>\n<p><strong>Copyright<\/strong><br \/>Alle Daten und das Design dieser Website sind urheberrechtlich gesch\u00fctzt. Alle Inhalte dienen ausschliesslich der pers\u00f6nlichen Information. Jegliche Bearbeitung, Vervielf\u00e4ltigung, Verbreitung und \u00f6ffentliche Wiedergabe ist untersagt und wird somit bei Zuwiderhandlung strafrechtlich verfolgt und zum Schadensersatz verpflichtet. Die \u00dcbernahme, Ver\u00f6ffentlichung oder Nutzung von Texten, Bildern oder anderen Daten bedarf der ausdr\u00fccklichen und schriftlichen Zustimmung der im Impressum sowie der im Quellennachweis aufgef\u00fchrten Firmen und Personen.<\/p>\n<p style=\"text-align: right;\"><a href=\"https:\/\/www.ibid-radiologie.de\/cms\/quellennachweis\/\"> Den detaillierten Quellennachweis finden sie hier &gt;<\/a><\/p>\n<p>In dieser Website werden verschiedene Firmen-, Produkt- oder Servicenamen verwendet. Alle Unternehmens-, Produkt- oder Servicenamen bzw. deren Bezeichnungen k\u00f6nnen Waren- oder Dienstleistungszeichen oder eingetragene Waren- oder Dienstleistungszeichen anderer Unternehmen weltweit sein und sind als solche zu beachten.<\/p>\n<p>Es gilt die deutsche Rechtsprechung.<\/p>\n<p>[\/et_pb_text][et_pb_text ul_type=&#8220;circle&#8220; content_last_edited=&#8220;off|desktop&#8220; admin_label=&#8220;Text Datenschutz&#8220; _builder_version=&#8220;4.16&#8243; text_font=&#8220;||||||||&#8220; header_font=&#8220;||||||||&#8220; header_text_color=&#8220;#00ae9f&#8220; header_2_font=&#8220;|600|||||||&#8220; header_2_text_color=&#8220;#00ae9f&#8220; header_2_font_size=&#8220;44px&#8220; header_2_line_height=&#8220;1.4em&#8220; header_4_font=&#8220;||||||||&#8220; header_4_text_color=&#8220;#00ae9f&#8220; header_4_line_height=&#8220;1.3em&#8220; header_6_font=&#8220;|600||on|||||&#8220; header_6_text_color=&#8220;#85c742&#8243; header_6_font_size=&#8220;16px&#8220; header_6_letter_spacing=&#8220;2px&#8220; header_6_line_height=&#8220;1.5em&#8220; max_width_last_edited=&#8220;off|desktop&#8220; module_alignment=&#8220;left&#8220; custom_margin=&#8220;||||false|false&#8220; custom_padding=&#8220;||||false|false&#8220; header_2_font_size_tablet=&#8220;&#8220; header_2_font_size_phone=&#8220;28px&#8220; header_2_font_size_last_edited=&#8220;on|phone&#8220; header_4_font_tablet=&#8220;||||||||&#8220; header_4_font_phone=&#8220;|600|||||||&#8220; header_4_font_last_edited=&#8220;on|tablet&#8220; header_4_font_size_tablet=&#8220;&#8220; header_4_font_size_phone=&#8220;18px&#8220; header_4_font_size_last_edited=&#8220;on|desktop&#8220; header_4_line_height_tablet=&#8220;&#8220; header_4_line_height_phone=&#8220;1.3em&#8220; header_4_line_height_last_edited=&#8220;on|desktop&#8220; global_colors_info=&#8220;{}&#8220;]<\/p>\n<p><strong>Datenschutz<\/strong><br \/>Der Schutz und die Sicherheit von pers\u00f6nlichen Daten hat bei uns eine hohe Priorit\u00e4t. Daher halten wir uns strikt an die Regeln der Europ\u00e4ischen Datenschutzgrundverordnung (EU-DSGVO). Mit der Nutzung der Webseite erkl\u00e4ren Sie sich mit den Bedingungen unserer Richtlinien zum Schutz pers\u00f6nlicher Daten einverstanden.<\/p>\n<p style=\"text-align: right;\"><a href=\"https:\/\/www.ibid-radiologie.de\/cms\/datenschutz\/\">Bitte lesen Sie hier unsere detaillierte Datenschutzerkl\u00e4rung &gt;<\/a><\/p>\n<p>[\/et_pb_text][et_pb_text ul_type=&#8220;circle&#8220; content_last_edited=&#8220;off|desktop&#8220; admin_label=&#8220;Text Hinweis Eigenbehandlung&#8220; _builder_version=&#8220;4.16&#8243; text_font=&#8220;||||||||&#8220; header_font=&#8220;||||||||&#8220; header_text_color=&#8220;#00ae9f&#8220; header_2_font=&#8220;|600|||||||&#8220; header_2_text_color=&#8220;#00ae9f&#8220; header_2_font_size=&#8220;44px&#8220; header_2_line_height=&#8220;1.4em&#8220; header_4_font=&#8220;||||||||&#8220; header_4_text_color=&#8220;#00ae9f&#8220; header_4_line_height=&#8220;1.3em&#8220; header_6_font=&#8220;|600||on|||||&#8220; header_6_text_color=&#8220;#85c742&#8243; header_6_font_size=&#8220;16px&#8220; header_6_letter_spacing=&#8220;2px&#8220; header_6_line_height=&#8220;1.5em&#8220; max_width_last_edited=&#8220;off|desktop&#8220; module_alignment=&#8220;left&#8220; custom_margin=&#8220;||||false|false&#8220; custom_padding=&#8220;||||false|false&#8220; header_2_font_size_tablet=&#8220;&#8220; header_2_font_size_phone=&#8220;28px&#8220; header_2_font_size_last_edited=&#8220;on|phone&#8220; header_4_font_tablet=&#8220;||||||||&#8220; header_4_font_phone=&#8220;|600|||||||&#8220; header_4_font_last_edited=&#8220;on|tablet&#8220; header_4_font_size_tablet=&#8220;&#8220; header_4_font_size_phone=&#8220;18px&#8220; header_4_font_size_last_edited=&#8220;on|desktop&#8220; header_4_line_height_tablet=&#8220;&#8220; header_4_line_height_phone=&#8220;1.3em&#8220; header_4_line_height_last_edited=&#8220;on|desktop&#8220; global_colors_info=&#8220;{}&#8220;]<\/p>\n<p><strong>Bitte beachten Sie:<\/strong><br \/>Die Informationen dieser Seiten sind kein Ersatz f\u00fcr eine professionelle Beratung oder Behandlung. Der Inhalt darf nicht verwendet werden, um eigenst\u00e4ndig Diagnosen zu stellen oder Selbstbehandlungen zu beginnen. Rechtsanspr\u00fcche k\u00f6nnen daraus nicht abgeleitet werden.<\/p>\n<p>[\/et_pb_text][\/et_pb_column][\/et_pb_row][\/et_pb_section]<\/p>\n","protected":false},"excerpt":{"rendered":"<p>Impressum Nutzungsbedingungen Herausgeber,verantwortlich f\u00fcr den Inhalt IBID &#8211; Institut f\u00fcr bildgebende DiagnostikRadiologische Praxis Dr. med. Philipp KrauseWirthstra\u00dfe 11, 79110 Freiburg im BreisgauTelefon: +49 (0)761 \/ 15 06 64-0, Fax: +49 (0)761 \/ 15 06 64-64 Redaktion (V.i.S.d.P.) Dr. med. Philipp KrauseFacharzt f\u00fcr diagnostische Radiologie und innere Medizin Datenschutzbeauftragter Marc E. EversDataSEKure Rechtsanwaltsgesellschaft mbHE-Mail: mevers@datasekure.deTelefon: +49 (0)7661-972910 Medizinprodukte-Beauftragter Dr. med. Markus C. M\u00fcllerTelefon: +49 (0)761 \/ 15 06 64-0 Konzeption und Design beebox crossmedia werbeagentur [ www.beebox.de ] Fotografie IBID &#8211; Institut f\u00fcr bildgebende Diagnostik, Freiburg iStockPhoto by Getty Images, Calgary (Canada) beebox werbeagentur, Freiburg\/Ebringen Klaus Polkowsky, Freiburg Programmierung,Realisierung beebox internet solutions [ www.beebox.com ]Basierend auf Wordpress [ www.wordpress.org ] Web-Hosting beebox internet solutions [ www.beebox.com ] &nbsp;Weitergehende Informationspflichten laut TDG \u00a76 Abs.5Die \u00c4rzte des IBID sind Mitglieder der Landes\u00e4rztekammer Baden-W\u00fcrttemberg und haben ihre Berufsbezeichnung in Deutschland erworben. F\u00fcr sie gilt die Berufsordnung der \u00c4rzte in Baden-W\u00fcrttemberg. Aufsichtsbeh\u00f6rden sind die Landes\u00e4rztekammer Baden-W\u00fcrttemberg sowie die Kassen\u00e4rztliche Vereinigung Baden-W\u00fcrttemberg.NutzungsbedingungenRechtlicher Hinweis, HaftungsausschlussAlle Web-Seiten des IBID &#8211; Instituts f\u00fcr bildgebende Diagnostik, radiologische Praxis Dr. med. Philipp Krause (nachfolgend &#8222;IBID&#8220; genannt) wurden unter Ber\u00fccksichtigung des deutschen Rechts verfasst. IBID hat die Daten auf dieser Website sorgf\u00e4ltig und nach dem neuesten Erkenntnisstand zusammengestellt. IBID kann jedoch keinerlei [&hellip;]<\/p>\n","protected":false},"author":2,"featured_media":0,"parent":0,"menu_order":929,"comment_status":"closed","ping_status":"closed","template":"","meta":{"_seopress_robots_primary_cat":"","_seopress_titles_title":"","_seopress_titles_desc":"","_seopress_robots_index":"","_et_pb_use_builder":"on","_et_pb_old_content":"","_et_gb_content_width":"","footnotes":""},"class_list":["post-166","page","type-page","status-publish","hentry"],"_links":{"self":[{"href":"https:\/\/www.ibid-radiologie.de\/cms\/wp-json\/wp\/v2\/pages\/166","targetHints":{"allow":["GET"]}}],"collection":[{"href":"https:\/\/www.ibid-radiologie.de\/cms\/wp-json\/wp\/v2\/pages"}],"about":[{"href":"https:\/\/www.ibid-radiologie.de\/cms\/wp-json\/wp\/v2\/types\/page"}],"author":[{"embeddable":true,"href":"https:\/\/www.ibid-radiologie.de\/cms\/wp-json\/wp\/v2\/users\/2"}],"replies":[{"embeddable":true,"href":"https:\/\/www.ibid-radiologie.de\/cms\/wp-json\/wp\/v2\/comments?post=166"}],"version-history":[{"count":1,"href":"https:\/\/www.ibid-radiologie.de\/cms\/wp-json\/wp\/v2\/pages\/166\/revisions"}],"predecessor-version":[{"id":14766,"href":"https:\/\/www.ibid-radiologie.de\/cms\/wp-json\/wp\/v2\/pages\/166\/revisions\/14766"}],"wp:attachment":[{"href":"https:\/\/www.ibid-radiologie.de\/cms\/wp-json\/wp\/v2\/media?parent=166"}],"curies":[{"name":"wp","href":"https:\/\/api.w.org\/{rel}","templated":true}]}}