{"id":164,"date":"2020-06-02T11:08:23","date_gmt":"2020-06-02T09:08:23","guid":{"rendered":"https:\/\/www.ibid-radiologie.de\/cms\/?page_id=164"},"modified":"2026-04-29T12:29:33","modified_gmt":"2026-04-29T10:29:33","slug":"kontakt","status":"publish","type":"page","link":"https:\/\/www.ibid-radiologie.de\/cms\/kontakt\/","title":{"rendered":"Kontakt"},"content":{"rendered":"<p>[et_pb_section fb_built=&#8220;1&#8243; _builder_version=&#8220;4.16&#8243; _module_preset=&#8220;default&#8220; global_colors_info=&#8220;{}&#8220;][et_pb_row column_structure=&#8220;1_4,1_2,1_4&#8243; disabled_on=&#8220;on|on|on&#8220; admin_label=&#8220;Zeile &#8211; ST\u00d6RUNG&#8220; _builder_version=&#8220;4.27.4&#8243; _module_preset=&#8220;default&#8220; disabled=&#8220;on&#8220; global_module=&#8220;11812&#8243; saved_tabs=&#8220;all&#8220; locked=&#8220;off&#8220; global_colors_info=&#8220;{}&#8220;][et_pb_column type=&#8220;1_4&#8243; _builder_version=&#8220;4.27.4&#8243; _module_preset=&#8220;default&#8220; global_colors_info=&#8220;{}&#8220;][\/et_pb_column][et_pb_column type=&#8220;1_2&#8243; _builder_version=&#8220;4.27.4&#8243; _module_preset=&#8220;default&#8220; global_colors_info=&#8220;{}&#8220;][et_pb_text admin_label=&#8220;Text &#8211; ST\u00d6RUNG &#8211; ROT&#8220; _builder_version=&#8220;4.27.4&#8243; _module_preset=&#8220;default&#8220; text_font=&#8220;|700|||||||&#8220; text_font_size=&#8220;120%&#8220; header_font=&#8220;|700|||||||&#8220; header_font_size=&#8220;150%&#8220; background_color=&#8220;#ff0000&#8243; text_orientation=&#8220;center&#8220; background_layout=&#8220;dark&#8220; custom_padding=&#8220;15px|15px|15px|15px|true|true&#8220; border_radii=&#8220;on|15px|15px|15px|15px&#8220; border_width_all=&#8220;4px&#8220; border_color_all=&#8220;#FFFFFF&#8220; locked=&#8220;off&#8220; global_colors_info=&#8220;{}&#8220;]<\/p>\n<h1>ST\u00d6RUNG!<\/h1>\n<p>Wegen eines Leitungsdefekts sind wir zurzeit leider nicht erreichbar &#8211; weder per E-Mail oder Kontaktformular noch via Patientenportal!<br \/>\nTelefonisch sind wir stark ausgelastet.[\/et_pb_text][\/et_pb_column][et_pb_column type=&#8220;1_4&#8243; _builder_version=&#8220;4.27.4&#8243; _module_preset=&#8220;default&#8220; global_colors_info=&#8220;{}&#8220;][\/et_pb_column][\/et_pb_row][et_pb_row column_structure=&#8220;1_2,1_2&#8243; use_custom_gutter=&#8220;on&#8220; gutter_width=&#8220;2&#8243; _builder_version=&#8220;4.19.4&#8243; _module_preset=&#8220;default&#8220; global_colors_info=&#8220;{}&#8220;][et_pb_column type=&#8220;1_2&#8243; admin_label=&#8220;Spalte Formular&#8220; _builder_version=&#8220;4.19.4&#8243; _module_preset=&#8220;default&#8220; global_colors_info=&#8220;{}&#8220;][et_pb_text admin_label=&#8220;Headline Kontaktformular&#8220; _builder_version=&#8220;4.19.4&#8243; text_font=&#8220;||||||||&#8220; text_line_height=&#8220;1.8em&#8220; link_font=&#8220;Montserrat|700|||||||&#8220; link_text_color=&#8220;#fa546d&#8220; link_font_size=&#8220;22px&#8220; link_line_height=&#8220;1.5em&#8220; header_font=&#8220;|600|||||||&#8220; header_text_color=&#8220;#00ae9f&#8220; header_font_size=&#8220;44px&#8220; header_line_height=&#8220;1.4em&#8220; header_2_font=&#8220;|600||on|||||&#8220; header_2_text_color=&#8220;#00ae9f&#8220; header_2_font_size=&#8220;40px&#8220; header_2_line_height=&#8220;1.4em&#8220; header_6_font=&#8220;|600||on|||||&#8220; header_6_text_color=&#8220;#85c742&#8243; header_6_font_size=&#8220;16px&#8220; header_6_letter_spacing=&#8220;2px&#8220; header_6_line_height=&#8220;1.5em&#8220; max_width_last_edited=&#8220;off|desktop&#8220; module_alignment=&#8220;center&#8220; custom_margin=&#8220;||0px|&#8220; custom_padding=&#8220;|||&#8220; header_font_size_tablet=&#8220;&#8220; header_font_size_phone=&#8220;28px&#8220; header_font_size_last_edited=&#8220;on|desktop&#8220; header_2_font_size_tablet=&#8220;&#8220; header_2_font_size_phone=&#8220;24px&#8220; header_2_font_size_last_edited=&#8220;on|phone&#8220; global_colors_info=&#8220;{}&#8220;]<\/p>\n<h6>Schnell + einfach per Online-Formular<\/h6>\n<h1>Fragen Sie uns<\/h1>\n<p>[\/et_pb_text][et_pb_text admin_label=&#8220;Text \/ Digitaler Kontakt&#8220; _builder_version=&#8220;4.27.5&#8243; _module_preset=&#8220;default&#8220; text_line_height=&#8220;1.4em&#8220; custom_margin=&#8220;15px||20px||false|false&#8220; custom_padding=&#8220;||20px||false|false&#8220; locked=&#8220;off&#8220; global_colors_info=&#8220;{}&#8220;]<\/p>\n<p>Wir bitten Sie, f\u00fcr allgemeine Anfragen das nachstehende Kontaktformular zu nutzen. Sobald Ihre Nachricht uns erreicht hat, werden wir uns in K\u00fcrze bei Ihnen melden.<\/p>\n<p>Ihren Untersuchungstermin buchen Sie bitte \u00fcber unseren <a href=\"https:\/\/www.ibid-radiologie.de\/cms\/terminbuchung\/\"><strong>Online-Termin-Service<\/strong><\/a>.<\/p>\n<p>[\/et_pb_text][et_pb_button button_url=&#8220;@ET-DC@eyJkeW5hbWljIjp0cnVlLCJjb250ZW50IjoicG9zdF9saW5rX3VybF9wYWdlIiwic2V0dGluZ3MiOnsicG9zdF9pZCI6IjE0NzY5In19@&#8220; button_text=&#8220;ZUM ONLINE-TERMIN-SERVICE&#8220; disabled_on=&#8220;off|off|off&#8220; admin_label=&#8220;Button \/ zum Online-Termin-Service&#8220; _builder_version=&#8220;4.27.5&#8243; _dynamic_attributes=&#8220;button_url&#8220; custom_button=&#8220;on&#8220; button_text_size=&#8220;16px&#8220; button_text_color=&#8220;#ffffff&#8220; button_bg_color=&#8220;rgba(0,174,159,0.65)&#8220; button_border_width=&#8220;6px&#8220; button_border_color=&#8220;rgba(0,0,0,0)&#8220; button_border_radius=&#8220;100px&#8220; button_letter_spacing=&#8220;1px&#8220; button_font=&#8220;|700|||||||&#8220; button_icon=&#8220;&#x24;||divi||400&#8243; background_layout=&#8220;dark&#8220; custom_margin=&#8220;10px||30px||false|false&#8220; custom_margin_tablet=&#8220;40px||||false|false&#8220; custom_margin_phone=&#8220;||||false|false&#8220; custom_margin_last_edited=&#8220;off|desktop&#8220; custom_padding=&#8220;||||false|false&#8220; box_shadow_style=&#8220;preset3&#8243; button_border_radius_hover=&#8220;100px&#8220; button_bg_color_hover=&#8220;#ff6b86&#8243; locked=&#8220;off&#8220; global_colors_info=&#8220;{}&#8220; button_text_size__hover_enabled=&#8220;off&#8220; button_one_text_size__hover_enabled=&#8220;off&#8220; button_two_text_size__hover_enabled=&#8220;off&#8220; button_text_color__hover_enabled=&#8220;off&#8220; button_one_text_color__hover_enabled=&#8220;off&#8220; button_two_text_color__hover_enabled=&#8220;off&#8220; button_border_width__hover_enabled=&#8220;off&#8220; button_one_border_width__hover_enabled=&#8220;off&#8220; button_two_border_width__hover_enabled=&#8220;off&#8220; button_border_color__hover_enabled=&#8220;off&#8220; button_one_border_color__hover_enabled=&#8220;off&#8220; button_two_border_color__hover_enabled=&#8220;off&#8220; button_border_radius__hover_enabled=&#8220;on&#8220; button_border_radius__hover=&#8220;100px&#8220; button_one_border_radius__hover_enabled=&#8220;off&#8220; button_two_border_radius__hover_enabled=&#8220;off&#8220; button_letter_spacing__hover_enabled=&#8220;off&#8220; button_one_letter_spacing__hover_enabled=&#8220;off&#8220; button_two_letter_spacing__hover_enabled=&#8220;off&#8220; button_bg_color__hover_enabled=&#8220;on|hover&#8220; button_bg_color__hover=&#8220;#85c742&#8243; button_one_bg_color__hover_enabled=&#8220;off&#8220; button_two_bg_color__hover_enabled=&#8220;off&#8220; button_bg_enable_color__hover=&#8220;on&#8220;][\/et_pb_button][et_pb_divider color=&#8220;#85C742&#8243; divider_position=&#8220;center&#8220; _builder_version=&#8220;4.27.5&#8243; _module_preset=&#8220;default&#8220; global_colors_info=&#8220;{}&#8220;][\/et_pb_divider][et_pb_contact_form email=&#8220;praxis@ibid-radiologie.de&#8220; success_message=&#8220;<\/p>\n<h1>Herzlichen Dank f\u00fcr Ihre Nachricht!<\/h1>\n<p>Wir werden uns ins K\u00fcrze telefonisch oder per E-Mail bei Ihnen melden.<br \/>\nBitte beachten Sie, dass <strong>Terminabsprachen erst mit erfolgreicher R\u00fcckmeldung<\/strong> bei Ihnen best\u00e4tigt werden k\u00f6nnen!<\/p>\n<p>&#8220; submit_button_text=&#8220;Nachricht senden&#8220; disabled_on=&#8220;off|off|off&#8220; admin_label=&#8220;Formular Kontakt+Anfrage v4.0&#8243; module_id=&#8220;et_pb_contact_form_1&#8243; _builder_version=&#8220;4.27.6&#8243; _unique_id=&#8220;9e665849-7cbc-46e0-9705-f29a3a4cfc73&#8243; form_field_background_color=&#8220;rgba(224,244,183,0.3)&#8220; form_field_text_color=&#8220;#939393&#8243; title_letter_spacing=&#8220;1px&#8220; form_field_font=&#8220;||||||||&#8220; form_field_font_size=&#8220;105%&#8220; custom_button=&#8220;on&#8220; button_text_size=&#8220;17px&#8220; button_text_color=&#8220;#ffffff&#8220; button_bg_color=&#8220;#00ae9f&#8220; button_border_width=&#8220;0px&#8220; button_border_radius=&#8220;10px&#8220; button_letter_spacing=&#8220;1px&#8220; button_font=&#8220;|600||on|||||&#8220; button_icon=&#8220;&#x24;||divi||400&#8243; button_icon_color=&#8220;#ffffff&#8220; custom_padding=&#8220;20px||||false|false&#8220; hover_enabled=&#8220;0&#8243; use_custom_message_richtext=&#8220;on&#8220; custom_message_richtext=&#8220;<\/p>\n<p>Sie haben eine Nachricht von der IBID-Webseite erhalten.<\/p>\n<p>.<\/p>\n<p>.<\/p>\n<p><strong>&#8212;&#8212;&#8212;&#8212;&#8212;&#8212;&#8212;&#8212;&#8212;&#8212;&#8212;&#8212;&#8212;&#8212;&#8212;&#8212;&#8212;&#8212;&#8212;&#8212;&#8212;&#8212;&#8212;&#8212;&#8212;-<\/strong><\/p>\n<p>Betreff: <strong>%%thema%%<\/strong><\/p>\n<p>&#8212;&#8212;&#8212;&#8212;&#8212;&#8212;&#8212;&#8212;&#8212;&#8212;&#8212;&#8212;&#8212;&#8212;&#8212;&#8212;&#8212;&#8212;&#8212;&#8212;&#8212;&#8212;&#8212;&#8212;&#8212;-<\/p>\n<p>Vorname: <strong>%%vorname%%<\/strong><\/p>\n<p>Nachname: <strong>%%nachname%%<\/strong><\/p>\n<p>Geburtstag: <strong>%%geburtstag%%<\/strong><\/p>\n<p>&#8212;&#8212;&#8212;&#8212;&#8212;&#8212;&#8212;&#8212;&#8212;&#8212;&#8212;&#8212;&#8212;&#8212;&#8212;&#8212;&#8212;&#8212;&#8212;&#8212;&#8212;&#8212;&#8212;&#8212;&#8212;-<\/p>\n<p>Art der Untersuchung: <strong>%%untersuchung%%<\/strong><\/p>\n<p>&#8212;&#8212;&#8212;&#8212;&#8212;&#8212;&#8212;&#8212;&#8212;&#8212;&#8212;&#8212;&#8212;&#8212;&#8212;&#8212;&#8212;&#8212;&#8212;&#8212;&#8212;&#8212;&#8212;&#8212;&#8212;-<\/p>\n<p>Termin-Datum: <strong>%%termin-datum-absage%%<\/strong> <strong>%%termin-datum-befund%%<\/strong> (Nur bei Absage oder Befundanforderung)<\/p>\n<p>Termin-Uhrzeit: <strong>%%termin-uhrzeit%%<\/strong> (Nur bei Absage)<\/p>\n<p>&#8212;&#8212;&#8212;&#8212;&#8212;&#8212;&#8212;&#8212;&#8212;&#8212;&#8212;&#8212;&#8212;&#8212;&#8212;&#8212;&#8212;&#8212;&#8212;&#8212;&#8212;&#8212;&#8212;&#8212;&#8212;-<\/p>\n<p>Die Patientin \/ der Patient ist zu erreichen unter<\/p>\n<p>Telefon: <strong>%%telefon%%<\/strong><\/p>\n<p>E-Mail: <strong>%%email%%<\/strong><\/p>\n<p>&#8212;&#8212;&#8212;&#8212;&#8212;&#8212;&#8212;&#8212;&#8212;&#8212;&#8212;&#8212;&#8212;&#8212;&#8212;&#8212;&#8212;&#8212;&#8212;&#8212;&#8212;&#8212;&#8212;&#8212;&#8212;-<\/p>\n<p>Folgende Nachricht wurde geschrieben:<\/p>\n<p><strong>%%nachricht%% %%anmerkung%%<\/strong><\/p>\n<p>&#8212;&#8212;&#8212;&#8212;&#8212;&#8212;&#8212;&#8212;&#8212;&#8212;&#8212;&#8212;&#8212;&#8212;&#8212;&#8212;&#8212;&#8212;&#8212;&#8212;&#8212;&#8212;&#8212;&#8212;&#8212;-<\/p>\n<p>Die Patientin \/ der Patient hat folgende Erkl\u00e4rung<\/p>\n<p>zum Datenschutz abgegeben:<\/p>\n<p><strong>%%datenschutz%%<\/strong><\/p>\n<p>&#8212;&#8212;&#8212;&#8212;&#8212;&#8212;&#8212;&#8212;&#8212;&#8212;&#8212;&#8212;&#8212;&#8212;&#8212;&#8212;&#8212;&#8212;&#8212;&#8212;&#8212;&#8212;&#8212;&#8212;&#8212;-<\/p>\n<p>.<\/p>\n<p>.<\/p>\n<p>Diese Nachricht wurde versendet \u00fcber das Formular unter<\/p>\n<p>https:\/\/www.ibid-radiologie.de<\/p>\n<p>.<\/p>\n<p>&#8220; admin_email_subject=&#8220;Termin-Anfrage \/ Nachricht von der IBID-Webseite&#8220; save_files_to_db=&#8220;off&#8220; send_files_as_attachment=&#8220;off&#8220; submit_button_wait_text=&#8220;Nachricht wird gesendet &#8230;&#8220; hide_form_title=&#8220;on&#8220; contact_message_location=&#8220;bottom&#8220; errormessage_wrapper_background=&#8220;#ffcccc&#8220; errormessage_wrapper_margin=&#8220;10px||20px||false|false&#8220; errormessage_wrapper_padding=&#8220;||0px|15px|false|false&#8220; errormessage_wrapper_border=&#8220;on|10px|10px|10px|10px&#8220; errormessage_wrapper_border_color=&#8220;#ff0000&#8243; errormessage_wrapper_border_width=&#8220;2px&#8220; use_honeypot=&#8220;on&#8220; border_radii=&#8220;on|10px|10px|10px|10px&#8220; border_width_all=&#8220;1px&#8220; border_color_all=&#8220;#85c742&#8243; saved_tabs=&#8220;all&#8220; locked=&#8220;off&#8220; global_colors_info=&#8220;{}&#8220; button_bg_color__hover_enabled=&#8220;on|hover&#8220; button_bg_color__hover=&#8220;#85c742&#8243; button_bg_enable_color__hover=&#8220;on&#8220; sticky_enabled=&#8220;0&#8243;][et_pb_contact_field field_id=&#8220;thema&#8220; field_title=&#8220;Ihr Anliegen&#8220; field_type=&#8220;radio&#8220; radio_options=&#8220;%91{%22value%22:%22Ich m\u00f6chte meinen Termin absagen%22,%22checked%22:0,%22dragID%22:-1},{%22value%22:%22Ich m\u00f6chte nochmals die Bilder \/ den Befund anfordern%22,%22checked%22:0,%22dragID%22:0},{%22value%22:%22Ich habe eine allgemeine Anfrage%22,%22checked%22:0,%22dragID%22:1}%93&#8243; fullwidth_field=&#8220;on&#8220; _builder_version=&#8220;4.27.6&#8243; _module_preset=&#8220;default&#8220; global_colors_info=&#8220;{}&#8220;][\/et_pb_contact_field][et_pb_contact_field field_id=&#8220;untersuchung&#8220; field_title=&#8220;Art der Untersuchung&#8220; field_type=&#8220;select&#8220; select_options=&#8220;%91{%22value%22:%22MRT &#8211; Kernspintomographie%22,%22checked%22:0,%22dragID%22:-1},{%22value%22:%22CT &#8211; Computertomographie%22,%22checked%22:0,%22dragID%22:0},{%22value%22:%22Herzdiagnostik: Cardio-CT%22,%22checked%22:0,%22dragID%22:1},{%22value%22:%22Mammadiagnostik: Mammographie%22,%22checked%22:0,%22dragID%22:2},{%22value%22:%22Mammadiagnostik: Mamma-Sonographie%22,%22checked%22:0,%22dragID%22:3},{%22value%22:%22Mammadiagnostik: Mamma-MRT%22,%22checked%22:0,%22dragID%22:4},{%22value%22:%22Klassische R\u00f6ntgen-Untersuchung%22,%22checked%22:0,%22dragID%22:5},{%22value%22:%22Knochendichtemessung%22,%22checked%22:0,%22dragID%22:6}%93&#8243; fullwidth_field=&#8220;on&#8220; conditional_logic=&#8220;on&#8220; conditional_logic_rules=&#8220;%91{%22field%22:%22thema%22,%22condition%22:%22is%22,%22value%22:%22Ich m\u00f6chte meinen Termin absagen%22},{%22field%22:%22thema%22,%22condition%22:%22is%22,%22value%22:%22Ich m\u00f6chte nochmals die Bilder \/ den Befund anfordern%22}%93&#8243; _builder_version=&#8220;4.27.5&#8243; _module_preset=&#8220;default&#8220; use_field_label=&#8220;on&#8220; use_field_icon=&#8220;on&#8220; field_icon=&#8220;&#xe00a;||divi||400&#8243; global_colors_info=&#8220;{}&#8220;][\/et_pb_contact_field][et_pb_contact_field field_id=&#8220;html-info-roentgentermin&#8220; field_title=&#8220;R\u00f6ntgen-Termin ohne Voranmeldung&#8220; fullwidth_field=&#8220;on&#8220; conditional_logic=&#8220;on&#8220; conditional_logic_relation=&#8220;on&#8220; conditional_logic_rules=&#8220;%91{%22field%22:%22thema%22,%22condition%22:%22is%22,%22value%22:%22Ich m\u00f6chte gerne einen Termin vereinbaren%22},{%22field%22:%22untersuchung%22,%22condition%22:%22is%22,%22value%22:%22Klassische R\u00f6ntgen-Untersuchung%22}%93&#8243; _builder_version=&#8220;4.27.4&#8243; _module_preset=&#8220;default&#8220; use_field_html=&#8220;on&#8220; field_htmlcontent=&#8220;<\/p>\n<hr \/>\n<p>F\u00fcr klassische R\u00f6ntgen-Termine ist <strong>keine vorherige Terminvereinbarung notwendig<\/strong>. Bitte kommen Sie in der Zeit zwischen 8.30 Uhr und 16.00 Uhr direkt an unsere Anmeldung im Diakonie-Krankenhaus.<\/p>\n<p>F\u00fcr eventuelle R\u00fcckfragen k\u00f6nnen Sie nachfolgende Felder <strong>optional<\/strong> ausf\u00fcllen.<\/p>\n<hr \/>\n<p>&#8220; global_colors_info=&#8220;{}&#8220; html_link_color__hover_enabled=&#8220;on|hover&#8220; html_link_color__hover=&#8220;#00AE9F&#8220; html_link_background__hover_enabled=&#8220;on|hover&#8220; html_link_background__hover=&#8220;#E0F4B7&#8243;][\/et_pb_contact_field][et_pb_contact_field field_id=&#8220;vorname&#8220; field_title=&#8220;Vorname&#8220; min_length=&#8220;2&#8243; max_length=&#8220;40&#8243; conditional_logic=&#8220;on&#8220; conditional_logic_rules=&#8220;%91{%22field%22:%22thema%22,%22condition%22:%22is%22,%22value%22:%22Ich m\u00f6chte meinen Termin absagen%22},{%22field%22:%22thema%22,%22condition%22:%22is%22,%22value%22:%22Ich m\u00f6chte nochmals die Bilder \/ den Befund anfordern%22},{%22field%22:%22thema%22,%22condition%22:%22is%22,%22value%22:%22Ich habe eine allgemeine Anfrage%22},{%22field%22:%22untersuchung%22,%22condition%22:%22is%22,%22value%22:%22CT &#8211; Computertomographie%22},{%22field%22:%22untersuchung%22,%22condition%22:%22is%22,%22value%22:%22Mammadiagnostik: Mammographie%22},{%22field%22:%22untersuchung%22,%22condition%22:%22is%22,%22value%22:%22Mammadiagnostik: Mamma-Sonographie%22},{%22field%22:%22untersuchung%22,%22condition%22:%22is%22,%22value%22:%22Mammadiagnostik: Mamma-MRT%22},{%22field%22:%22untersuchung%22,%22condition%22:%22is%22,%22value%22:%22Klassische R\u00f6ntgen-Untersuchung%22},{%22field%22:%22untersuchung%22,%22condition%22:%22is%22,%22value%22:%22Knochendichtemessung%22},{%22field%22:%22untersuchung%22,%22condition%22:%22is%22,%22value%22:%22Herzdiagnostik: Cardio-CT%22},{%22field%22:%22untersuchung%22,%22condition%22:%22is%22,%22value%22:%22MRT &#8211; Kernspintomographie%22}%93&#8243; _builder_version=&#8220;4.27.5&#8243; use_field_icon=&#8220;on&#8220; field_icon=&#8220;&#xf007;||fa||900&#8243; global_colors_info=&#8220;{}&#8220; button_text_size__hover_enabled=&#8220;off&#8220; button_one_text_size__hover_enabled=&#8220;off&#8220; button_two_text_size__hover_enabled=&#8220;off&#8220; button_text_color__hover_enabled=&#8220;off&#8220; button_one_text_color__hover_enabled=&#8220;off&#8220; button_two_text_color__hover_enabled=&#8220;off&#8220; button_border_width__hover_enabled=&#8220;off&#8220; button_one_border_width__hover_enabled=&#8220;off&#8220; button_two_border_width__hover_enabled=&#8220;off&#8220; button_border_color__hover_enabled=&#8220;off&#8220; button_one_border_color__hover_enabled=&#8220;off&#8220; button_two_border_color__hover_enabled=&#8220;off&#8220; button_border_radius__hover_enabled=&#8220;off&#8220; button_one_border_radius__hover_enabled=&#8220;off&#8220; button_two_border_radius__hover_enabled=&#8220;off&#8220; button_letter_spacing__hover_enabled=&#8220;off&#8220; button_one_letter_spacing__hover_enabled=&#8220;off&#8220; button_two_letter_spacing__hover_enabled=&#8220;off&#8220; button_bg_color__hover_enabled=&#8220;off&#8220; button_one_bg_color__hover_enabled=&#8220;off&#8220; button_two_bg_color__hover_enabled=&#8220;off&#8220;][\/et_pb_contact_field][et_pb_contact_field field_id=&#8220;nachname&#8220; field_title=&#8220;Nachname&#8220; min_length=&#8220;3&#8243; max_length=&#8220;40&#8243; conditional_logic=&#8220;on&#8220; conditional_logic_rules=&#8220;%91{%22field%22:%22thema%22,%22condition%22:%22is%22,%22value%22:%22Ich m\u00f6chte meinen Termin absagen%22},{%22field%22:%22thema%22,%22condition%22:%22is%22,%22value%22:%22Ich m\u00f6chte nochmals die Bilder \/ den Befund anfordern%22},{%22field%22:%22thema%22,%22condition%22:%22is%22,%22value%22:%22Ich habe eine allgemeine Anfrage%22},{%22field%22:%22untersuchung%22,%22condition%22:%22is%22,%22value%22:%22CT &#8211; Computertomographie%22},{%22field%22:%22untersuchung%22,%22condition%22:%22is%22,%22value%22:%22Mammadiagnostik: Mammographie%22},{%22field%22:%22untersuchung%22,%22condition%22:%22is%22,%22value%22:%22Mammadiagnostik: Mamma-Sonographie%22},{%22field%22:%22untersuchung%22,%22condition%22:%22is%22,%22value%22:%22Mammadiagnostik: Mamma-MRT%22},{%22field%22:%22untersuchung%22,%22condition%22:%22is%22,%22value%22:%22Klassische R\u00f6ntgen-Untersuchung%22},{%22field%22:%22untersuchung%22,%22condition%22:%22is%22,%22value%22:%22Knochendichtemessung%22},{%22field%22:%22untersuchung%22,%22condition%22:%22is%22,%22value%22:%22Herzdiagnostik: Cardio-CT%22},{%22field%22:%22standard-anfrage-mrt%22,%22condition%22:%22is not empty%22,%22value%22:%22Ich ben\u00f6tige eine andere MRT-Untersuchung%22}%93&#8243; _builder_version=&#8220;4.27.4&#8243; use_field_icon=&#8220;on&#8220; field_icon=&#8220;&#xf007;||fa||900&#8243; global_colors_info=&#8220;{}&#8220;][\/et_pb_contact_field][et_pb_contact_field field_id=&#8220;html-text-befunddaten&#8220; fullwidth_field=&#8220;on&#8220; conditional_logic=&#8220;on&#8220; conditional_logic_rules=&#8220;%91{%22field%22:%22thema%22,%22condition%22:%22is%22,%22value%22:%22Ich m\u00f6chte nochmals die Bilder \/ den Befund anfordern%22}%93&#8243; _builder_version=&#8220;4.19.5&#8243; _module_preset=&#8220;default&#8220; use_field_html=&#8220;on&#8220; field_htmlcontent=&#8220;<\/p>\n<hr \/>\n<p>Ich ben\u00f6tige nochmals die Bilder bzw. die Befunddaten f\u00fcr meine Untersuchung von folgendem Datum:<\/p>\n<p>&#8220; global_colors_info=&#8220;{}&#8220;][\/et_pb_contact_field][et_pb_contact_field field_id=&#8220;termin-datum-absage&#8220; field_title=&#8220;Termin-Datum (TT.MM.JJJJ)&#8220; conditional_logic=&#8220;on&#8220; conditional_logic_rules=&#8220;%91{%22field%22:%22thema%22,%22condition%22:%22is%22,%22value%22:%22Ich m\u00f6chte meinen Termin absagen%22}%93&#8243; _builder_version=&#8220;4.27.5&#8243; _module_preset=&#8220;default&#8220; use_field_icon=&#8220;on&#8220; field_icon=&#8220;&#xf073;||fa||400&#8243; global_colors_info=&#8220;{}&#8220;][\/et_pb_contact_field][et_pb_contact_field field_id=&#8220;termin-uhrzeit&#8220; field_title=&#8220;Termin-Uhrzeit (HH:MM)&#8220; conditional_logic=&#8220;on&#8220; conditional_logic_rules=&#8220;%91{%22field%22:%22thema%22,%22condition%22:%22is%22,%22value%22:%22Ich m\u00f6chte meinen Termin absagen%22}%93&#8243; _builder_version=&#8220;4.19.4&#8243; _module_preset=&#8220;default&#8220; use_field_icon=&#8220;on&#8220; field_icon=&#8220;&#xf017;||fa||400&#8243; global_colors_info=&#8220;{}&#8220;][\/et_pb_contact_field][et_pb_contact_field field_id=&#8220;termin-datum-befund&#8220; field_title=&#8220;Untersuchung-Datum (TT.MM.JJJJ)&#8220; fullwidth_field=&#8220;on&#8220; conditional_logic=&#8220;on&#8220; conditional_logic_rules=&#8220;%91{%22field%22:%22thema%22,%22condition%22:%22is%22,%22value%22:%22Ich m\u00f6chte nochmals die Bilder \/ den Befund anfordern%22}%93&#8243; _builder_version=&#8220;4.21.0&#8243; _module_preset=&#8220;default&#8220; use_field_icon=&#8220;on&#8220; field_icon=&#8220;&#xf073;||fa||400&#8243; global_colors_info=&#8220;{}&#8220;][\/et_pb_contact_field][et_pb_contact_field field_id=&#8220;html-trenn-linie&#8220; fullwidth_field=&#8220;on&#8220; conditional_logic=&#8220;on&#8220; conditional_logic_rules=&#8220;%91{%22field%22:%22thema%22,%22condition%22:%22is%22,%22value%22:%22Ich m\u00f6chte gerne einen Termin vereinbaren%22}%93&#8243; _builder_version=&#8220;4.24.1&#8243; _module_preset=&#8220;default&#8220; custom_margin=&#8220;||20px||false|false&#8220; use_field_html=&#8220;on&#8220; field_htmlcontent=&#8220;<\/p>\n<hr \/>\n<p>&#8220; global_colors_info=&#8220;{}&#8220;][\/et_pb_contact_field][et_pb_contact_field field_id=&#8220;geburtstag&#8220; field_title=&#8220;Geburtstag (TT.MM.YYYY)&#8220; fullwidth_field=&#8220;on&#8220; conditional_logic=&#8220;on&#8220; conditional_logic_rules=&#8220;%91{%22field%22:%22thema%22,%22condition%22:%22is%22,%22value%22:%22Ich m\u00f6chte meinen Termin absagen%22},{%22field%22:%22thema%22,%22condition%22:%22is%22,%22value%22:%22Ich m\u00f6chte nochmals die Bilder \/ den Befund anfordern%22},{%22field%22:%22untersuchung%22,%22condition%22:%22is%22,%22value%22:%22CT &#8211; Computertomographie%22},{%22field%22:%22untersuchung%22,%22condition%22:%22is%22,%22value%22:%22Mammadiagnostik: Mammographie%22},{%22field%22:%22untersuchung%22,%22condition%22:%22is%22,%22value%22:%22Mammadiagnostik: Mamma-Sonographie%22},{%22field%22:%22untersuchung%22,%22condition%22:%22is%22,%22value%22:%22Mammadiagnostik: Mamma-MRT%22},{%22field%22:%22untersuchung%22,%22condition%22:%22is%22,%22value%22:%22Knochendichtemessung%22},{%22field%22:%22untersuchung%22,%22condition%22:%22is%22,%22value%22:%22Herzdiagnostik: Cardio-CT%22},{%22field%22:%22untersuchung%22,%22condition%22:%22is%22,%22value%22:%22MRT &#8211; Kernspintomographie%22}%93&#8243; _builder_version=&#8220;4.27.5&#8243; _module_preset=&#8220;default&#8220; form_field_letter_spacing=&#8220;0px&#8220; use_field_icon=&#8220;on&#8220; field_icon=&#8220;&#xf77d;||fa||900&#8243; global_colors_info=&#8220;{}&#8220;][\/et_pb_contact_field][et_pb_contact_field field_id=&#8220;telefon&#8220; field_title=&#8220;Telefon (tags\u00fcber)&#8220; min_length=&#8220;8&#8243; max_length=&#8220;36&#8243; fullwidth_field=&#8220;on&#8220; conditional_logic=&#8220;on&#8220; conditional_logic_rules=&#8220;%91{%22field%22:%22thema%22,%22condition%22:%22is%22,%22value%22:%22Ich m\u00f6chte meinen Termin absagen%22},{%22field%22:%22thema%22,%22condition%22:%22is%22,%22value%22:%22Ich m\u00f6chte nochmals die Bilder \/ den Befund anfordern%22},{%22field%22:%22thema%22,%22condition%22:%22is%22,%22value%22:%22Ich habe eine allgemeine Anfrage%22},{%22field%22:%22untersuchung%22,%22condition%22:%22is%22,%22value%22:%22CT &#8211; Computertomographie%22},{%22field%22:%22untersuchung%22,%22condition%22:%22is%22,%22value%22:%22Mammadiagnostik: Mammographie%22},{%22field%22:%22untersuchung%22,%22condition%22:%22is%22,%22value%22:%22Mammadiagnostik: Mamma-Sonographie%22},{%22field%22:%22untersuchung%22,%22condition%22:%22is%22,%22value%22:%22Mammadiagnostik: Mamma-MRT%22},{%22field%22:%22untersuchung%22,%22condition%22:%22is%22,%22value%22:%22Klassische R\u00f6ntgen-Untersuchung%22},{%22field%22:%22untersuchung%22,%22condition%22:%22is%22,%22value%22:%22Knochendichtemessung%22},{%22field%22:%22untersuchung%22,%22condition%22:%22is%22,%22value%22:%22Herzdiagnostik: Cardio-CT%22},{%22field%22:%22untersuchung%22,%22condition%22:%22is%22,%22value%22:%22MRT &#8211; Kernspintomographie%22}%93&#8243; _builder_version=&#8220;4.27.5&#8243; form_field_letter_spacing=&#8220;0px&#8220; use_field_icon=&#8220;on&#8220; field_icon=&#8220;&#xe090;||divi||400&#8243; global_colors_info=&#8220;{}&#8220;][\/et_pb_contact_field][et_pb_contact_field field_id=&#8220;email&#8220; field_title=&#8220;Ihre E-Mail-Adresse&#8220; field_type=&#8220;email&#8220; fullwidth_field=&#8220;on&#8220; conditional_logic=&#8220;on&#8220; conditional_logic_rules=&#8220;%91{%22field%22:%22thema%22,%22condition%22:%22is%22,%22value%22:%22Ich m\u00f6chte meinen Termin absagen%22},{%22field%22:%22thema%22,%22condition%22:%22is%22,%22value%22:%22Ich m\u00f6chte nochmals die Bilder \/ den Befund anfordern%22},{%22field%22:%22thema%22,%22condition%22:%22is%22,%22value%22:%22Ich habe eine allgemeine Anfrage%22},{%22field%22:%22untersuchung%22,%22condition%22:%22is%22,%22value%22:%22CT &#8211; Computertomographie%22},{%22field%22:%22untersuchung%22,%22condition%22:%22is%22,%22value%22:%22Mammadiagnostik: Mammographie%22},{%22field%22:%22untersuchung%22,%22condition%22:%22is%22,%22value%22:%22Mammadiagnostik: Mamma-Sonographie%22},{%22field%22:%22untersuchung%22,%22condition%22:%22is%22,%22value%22:%22Mammadiagnostik: Mamma-MRT%22},{%22field%22:%22untersuchung%22,%22condition%22:%22is%22,%22value%22:%22Klassische R\u00f6ntgen-Untersuchung%22},{%22field%22:%22untersuchung%22,%22condition%22:%22is%22,%22value%22:%22Knochendichtemessung%22},{%22field%22:%22untersuchung%22,%22condition%22:%22is%22,%22value%22:%22Herzdiagnostik: Cardio-CT%22},{%22field%22:%22untersuchung%22,%22condition%22:%22is%22,%22value%22:%22MRT &#8211; Kernspintomographie%22}%93&#8243; _builder_version=&#8220;4.27.5&#8243; use_field_icon=&#8220;on&#8220; field_icon=&#8220;&#xf0e0;||fa||400&#8243; global_colors_info=&#8220;{}&#8220; button_text_size__hover_enabled=&#8220;off&#8220; button_one_text_size__hover_enabled=&#8220;off&#8220; button_two_text_size__hover_enabled=&#8220;off&#8220; button_text_color__hover_enabled=&#8220;off&#8220; button_one_text_color__hover_enabled=&#8220;off&#8220; button_two_text_color__hover_enabled=&#8220;off&#8220; button_border_width__hover_enabled=&#8220;off&#8220; button_one_border_width__hover_enabled=&#8220;off&#8220; button_two_border_width__hover_enabled=&#8220;off&#8220; button_border_color__hover_enabled=&#8220;off&#8220; button_one_border_color__hover_enabled=&#8220;off&#8220; button_two_border_color__hover_enabled=&#8220;off&#8220; button_border_radius__hover_enabled=&#8220;off&#8220; button_one_border_radius__hover_enabled=&#8220;off&#8220; button_two_border_radius__hover_enabled=&#8220;off&#8220; button_letter_spacing__hover_enabled=&#8220;off&#8220; button_one_letter_spacing__hover_enabled=&#8220;off&#8220; button_two_letter_spacing__hover_enabled=&#8220;off&#8220; button_bg_color__hover_enabled=&#8220;off&#8220; button_one_bg_color__hover_enabled=&#8220;off&#8220; button_two_bg_color__hover_enabled=&#8220;off&#8220;][\/et_pb_contact_field][et_pb_contact_field field_id=&#8220;nachricht&#8220; field_title=&#8220;Ihre Nachricht&#8220; field_type=&#8220;text&#8220; min_length=&#8220;10&#8243; max_length=&#8220;250&#8243; fullwidth_field=&#8220;on&#8220; conditional_logic=&#8220;on&#8220; conditional_logic_rules=&#8220;%91{%22field%22:%22thema%22,%22condition%22:%22is%22,%22value%22:%22Ich habe eine allgemeine Anfrage%22}%93&#8243; _builder_version=&#8220;4.27.5&#8243; form_field_letter_spacing=&#8220;0px&#8220; use_field_icon=&#8220;on&#8220; field_icon=&#8220;&#x6c;||divi||400&#8243; global_colors_info=&#8220;{}&#8220; button_text_size__hover_enabled=&#8220;off&#8220; button_one_text_size__hover_enabled=&#8220;off&#8220; button_two_text_size__hover_enabled=&#8220;off&#8220; button_text_color__hover_enabled=&#8220;off&#8220; button_one_text_color__hover_enabled=&#8220;off&#8220; button_two_text_color__hover_enabled=&#8220;off&#8220; button_border_width__hover_enabled=&#8220;off&#8220; button_one_border_width__hover_enabled=&#8220;off&#8220; button_two_border_width__hover_enabled=&#8220;off&#8220; button_border_color__hover_enabled=&#8220;off&#8220; button_one_border_color__hover_enabled=&#8220;off&#8220; button_two_border_color__hover_enabled=&#8220;off&#8220; button_border_radius__hover_enabled=&#8220;off&#8220; button_one_border_radius__hover_enabled=&#8220;off&#8220; button_two_border_radius__hover_enabled=&#8220;off&#8220; button_letter_spacing__hover_enabled=&#8220;off&#8220; button_one_letter_spacing__hover_enabled=&#8220;off&#8220; button_two_letter_spacing__hover_enabled=&#8220;off&#8220; button_bg_color__hover_enabled=&#8220;off&#8220; button_one_bg_color__hover_enabled=&#8220;off&#8220; button_two_bg_color__hover_enabled=&#8220;off&#8220;][\/et_pb_contact_field][et_pb_contact_field field_id=&#8220;anmerkung&#8220; field_title=&#8220;Platz f\u00fcr zus\u00e4tzliche Anmerkungen (optional)&#8220; field_type=&#8220;text&#8220; required_mark=&#8220;off&#8220; fullwidth_field=&#8220;on&#8220; conditional_logic=&#8220;on&#8220; conditional_logic_rules=&#8220;%91{%22field%22:%22thema%22,%22condition%22:%22is%22,%22value%22:%22Ich m\u00f6chte meinen Termin absagen%22},{%22field%22:%22thema%22,%22condition%22:%22is%22,%22value%22:%22Ich m\u00f6chte nochmals die Bilder \/ den Befund anfordern%22},{%22field%22:%22untersuchung%22,%22condition%22:%22is%22,%22value%22:%22CT &#8211; Computertomographie%22},{%22field%22:%22untersuchung%22,%22condition%22:%22is%22,%22value%22:%22Mammadiagnostik: Mammographie%22},{%22field%22:%22untersuchung%22,%22condition%22:%22is%22,%22value%22:%22Mammadiagnostik: Mamma-Sonographie%22},{%22field%22:%22untersuchung%22,%22condition%22:%22is%22,%22value%22:%22Mammadiagnostik: Mamma-MRT%22},{%22field%22:%22untersuchung%22,%22condition%22:%22is%22,%22value%22:%22Klassische R\u00f6ntgen-Untersuchung%22},{%22field%22:%22untersuchung%22,%22condition%22:%22is%22,%22value%22:%22Knochendichtemessung%22},{%22field%22:%22untersuchung%22,%22condition%22:%22is%22,%22value%22:%22Herzdiagnostik: Cardio-CT%22},{%22field%22:%22untersuchung%22,%22condition%22:%22is%22,%22value%22:%22MRT &#8211; Kernspintomographie%22}%93&#8243; _builder_version=&#8220;4.27.5&#8243; form_field_letter_spacing=&#8220;0px&#8220; use_field_icon=&#8220;on&#8220; field_icon=&#8220;&#x6c;||divi||400&#8243; global_colors_info=&#8220;{}&#8220; button_text_size__hover_enabled=&#8220;off&#8220; button_one_text_size__hover_enabled=&#8220;off&#8220; button_two_text_size__hover_enabled=&#8220;off&#8220; button_text_color__hover_enabled=&#8220;off&#8220; button_one_text_color__hover_enabled=&#8220;off&#8220; button_two_text_color__hover_enabled=&#8220;off&#8220; button_border_width__hover_enabled=&#8220;off&#8220; button_one_border_width__hover_enabled=&#8220;off&#8220; button_two_border_width__hover_enabled=&#8220;off&#8220; button_border_color__hover_enabled=&#8220;off&#8220; button_one_border_color__hover_enabled=&#8220;off&#8220; button_two_border_color__hover_enabled=&#8220;off&#8220; button_border_radius__hover_enabled=&#8220;off&#8220; button_one_border_radius__hover_enabled=&#8220;off&#8220; button_two_border_radius__hover_enabled=&#8220;off&#8220; button_letter_spacing__hover_enabled=&#8220;off&#8220; button_one_letter_spacing__hover_enabled=&#8220;off&#8220; button_two_letter_spacing__hover_enabled=&#8220;off&#8220; button_bg_color__hover_enabled=&#8220;off&#8220; button_one_bg_color__hover_enabled=&#8220;off&#8220; button_two_bg_color__hover_enabled=&#8220;off&#8220;][\/et_pb_contact_field][et_pb_contact_field field_id=&#8220;datenschutz&#8220; field_title=&#8220;Datenschutz&#8220; field_type=&#8220;checkbox&#8220; checkbox_options=&#8220;%91{%22value%22:%22Ich bin mit Ihren Richtlinien zum Datenschutz einverstanden.%22,%22checked%22:0,%22dragID%22:-1,%22link_url%22:%22%22,%22link_text%22:%22%22}%93&#8243; fullwidth_field=&#8220;on&#8220; conditional_logic=&#8220;on&#8220; conditional_logic_rules=&#8220;%91{%22field%22:%22thema%22,%22condition%22:%22is%22,%22value%22:%22Ich m\u00f6chte meinen Termin absagen%22},{%22field%22:%22thema%22,%22condition%22:%22is%22,%22value%22:%22Ich m\u00f6chte nochmals die Bilder \/ den Befund anfordern%22},{%22field%22:%22thema%22,%22condition%22:%22is%22,%22value%22:%22Ich habe eine allgemeine Anfrage%22},{%22field%22:%22untersuchung%22,%22condition%22:%22is%22,%22value%22:%22CT &#8211; Computertomographie%22},{%22field%22:%22untersuchung%22,%22condition%22:%22is%22,%22value%22:%22Mammadiagnostik: Mammographie%22},{%22field%22:%22untersuchung%22,%22condition%22:%22is%22,%22value%22:%22Mammadiagnostik: Mamma-Sonographie%22},{%22field%22:%22untersuchung%22,%22condition%22:%22is%22,%22value%22:%22Mammadiagnostik: Mamma-MRT%22},{%22field%22:%22untersuchung%22,%22condition%22:%22is%22,%22value%22:%22Klassische R\u00f6ntgen-Untersuchung%22},{%22field%22:%22untersuchung%22,%22condition%22:%22is%22,%22value%22:%22Knochendichtemessung%22},{%22field%22:%22untersuchung%22,%22condition%22:%22is%22,%22value%22:%22Herzdiagnostik: Cardio-CT%22},{%22field%22:%22untersuchung%22,%22condition%22:%22is%22,%22value%22:%22MRT &#8211; Kernspintomographie%22}%93&#8243; _builder_version=&#8220;4.27.5&#8243; form_field_text_color=&#8220;#00AE9F&#8220; form_field_font=&#8220;|||on|||||&#8220; form_field_font_size=&#8220;90%&#8220; form_field_letter_spacing=&#8220;1px&#8220; border_color_all=&#8220;#000000&#8243; global_colors_info=&#8220;{}&#8220;][\/et_pb_contact_field][et_pb_contact_field field_id=&#8220;email-verifikation&#8220; field_title=&#8220;Wiederholung Ihrer E-Mail-Adresse zur Verifikation&#8220; field_type=&#8220;email&#8220; fullwidth_field=&#8220;on&#8220; conditional_logic=&#8220;on&#8220; conditional_logic_rules=&#8220;%91{%22field%22:%22datenschutz%22,%22condition%22:%22is%22,%22value%22:%22Ich bin mit Ihren Richtlinien zum Datenschutz einverstanden.%22}%93&#8243; _builder_version=&#8220;4.27.5&#8243; form_field_letter_spacing=&#8220;0px&#8220; use_field_icon=&#8220;on&#8220; field_icon=&#8220;&#xf0e0;||fa||400&#8243; global_colors_info=&#8220;{}&#8220; button_text_size__hover_enabled=&#8220;off&#8220; button_one_text_size__hover_enabled=&#8220;off&#8220; button_two_text_size__hover_enabled=&#8220;off&#8220; button_text_color__hover_enabled=&#8220;off&#8220; button_one_text_color__hover_enabled=&#8220;off&#8220; button_two_text_color__hover_enabled=&#8220;off&#8220; button_border_width__hover_enabled=&#8220;off&#8220; button_one_border_width__hover_enabled=&#8220;off&#8220; button_two_border_width__hover_enabled=&#8220;off&#8220; button_border_color__hover_enabled=&#8220;off&#8220; button_one_border_color__hover_enabled=&#8220;off&#8220; button_two_border_color__hover_enabled=&#8220;off&#8220; button_border_radius__hover_enabled=&#8220;off&#8220; button_one_border_radius__hover_enabled=&#8220;off&#8220; button_two_border_radius__hover_enabled=&#8220;off&#8220; button_letter_spacing__hover_enabled=&#8220;off&#8220; button_one_letter_spacing__hover_enabled=&#8220;off&#8220; button_two_letter_spacing__hover_enabled=&#8220;off&#8220; button_bg_color__hover_enabled=&#8220;off&#8220; button_one_bg_color__hover_enabled=&#8220;off&#8220; button_two_bg_color__hover_enabled=&#8220;off&#8220;][\/et_pb_contact_field][\/et_pb_contact_form][et_pb_image src=&#8220;https:\/\/www.ibid-radiologie.de\/cms\/wp-content\/uploads\/2024\/11\/IBID-PraxisRaum-900X600-Anmeldung-Ambulanz-Diakonie-Sorrentino-6817.jpg&#8220; alt=&#8220;IBID-Anmeldung in der Ambulanz des Diakoniekrankenhauses&#8220; title_text=&#8220;IBID-Anmeldung in der Ambulanz des Diakoniekrankenhauses&#8220; admin_label=&#8220;Bild Anmeldung&#8220; _builder_version=&#8220;4.27.2&#8243; _module_preset=&#8220;default&#8220; custom_margin=&#8220;80px||30px||false|false&#8220; global_colors_info=&#8220;{}&#8220;][\/et_pb_image][\/et_pb_column][et_pb_column type=&#8220;1_2&#8243; admin_label=&#8220;Spalte Karte&#8220; _builder_version=&#8220;4.19.4&#8243; _module_preset=&#8220;default&#8220; global_colors_info=&#8220;{}&#8220;][et_pb_text admin_label=&#8220;Headline Anfahrt&#8220; module_id=&#8220;anfahrt&#8220; _builder_version=&#8220;4.20.4&#8243; text_font=&#8220;||||||||&#8220; text_line_height=&#8220;1.8em&#8220; link_font=&#8220;Montserrat|700|||||||&#8220; link_text_color=&#8220;#fa546d&#8220; link_font_size=&#8220;22px&#8220; link_line_height=&#8220;1.5em&#8220; header_font=&#8220;|600|||||||&#8220; header_text_color=&#8220;#00ae9f&#8220; header_font_size=&#8220;44px&#8220; header_line_height=&#8220;1.4em&#8220; header_2_font=&#8220;|600||on|||||&#8220; header_2_text_color=&#8220;#00ae9f&#8220; header_2_font_size=&#8220;40px&#8220; header_2_line_height=&#8220;1.4em&#8220; header_6_font=&#8220;|600||on|||||&#8220; header_6_text_color=&#8220;#85c742&#8243; header_6_font_size=&#8220;16px&#8220; header_6_letter_spacing=&#8220;2px&#8220; header_6_line_height=&#8220;1.5em&#8220; module_alignment=&#8220;center&#8220; custom_margin=&#8220;||0px|&#8220; custom_padding=&#8220;|||&#8220; header_font_size_tablet=&#8220;&#8220; header_font_size_phone=&#8220;28px&#8220; header_font_size_last_edited=&#8220;on|desktop&#8220; header_2_font_size_tablet=&#8220;&#8220; header_2_font_size_phone=&#8220;24px&#8220; header_2_font_size_last_edited=&#8220;on|phone&#8220; global_colors_info=&#8220;{}&#8220;]<\/p>\n<h6>Bestens erreichbar<\/h6>\n<h1>Immer in Ihrer N\u00e4he<\/h1>\n<p>[\/et_pb_text][et_pb_text admin_label=&#8220;Text \/ Standorte&#8220; _builder_version=&#8220;4.19.5&#8243; _module_preset=&#8220;default&#8220; text_line_height=&#8220;1.4em&#8220; custom_margin=&#8220;15px||20px||false|false&#8220; custom_padding=&#8220;||20px||false|false&#8220; global_colors_info=&#8220;{}&#8220;]<\/p>\n<p>Unsere Praxisr\u00e4ume finden Sie an zwei benachbarten Standorten in der <strong>Wirthstra\u00dfe im Stadtteil Freiburg-Landwasser<\/strong>:<\/p>\n<p>Die meisten Untersuchungen sowie die <strong>Zentrale und Anmeldung<\/strong> sind in der Ambulanz des <strong>Diakoniekrankenhauses (Wirthstra\u00dfe 11)<\/strong>.<\/p>\n<p>Spezielle Untersuchungen werden im 3. OG des <strong>\u00c4rztehauses WTZ (Wirthstra\u00dfe 9)<\/strong> ausgef\u00fchrt.<\/p>\n<p>[\/et_pb_text][et_pb_image src=&#8220;https:\/\/www.ibid-radiologie.de\/cms\/wp-content\/uploads\/2024\/11\/IBID-Anfahrt-DiakonieWTZ-1600&#215;1200-WEB2024.png&#8220; alt=&#8220;Anfahrt zum IBID im Diakoniekrankenhaus und im \u00c4rztehaus WTZ in Freiburg-Landwasser&#8220; title_text=&#8220;Anfahrt zum IBID im Diakoniekrankenhaus und im \u00c4rztehaus WTZ in Freiburg-Landwasser&#8220; show_in_lightbox=&#8220;on&#8220; force_fullwidth=&#8220;on&#8220; align_tablet=&#8220;center&#8220; align_phone=&#8220;&#8220; align_last_edited=&#8220;on|phone&#8220; admin_label=&#8220;Bild Anfahrtskizze&#8220; _builder_version=&#8220;4.27.2&#8243; custom_margin=&#8220;||40px||false|false&#8220; custom_padding=&#8220;20px||||false|false&#8220; animation_style=&#8220;slide&#8220; animation_direction=&#8220;right&#8220; animation_delay=&#8220;100ms&#8220; animation_intensity_slide=&#8220;5%&#8220; border_radii=&#8220;on|20px|20px|20px|20px&#8220; border_width_all=&#8220;1px&#8220; border_color_all=&#8220;#85c742&#8243; global_colors_info=&#8220;{}&#8220;][\/et_pb_image][et_pb_text admin_label=&#8220;Headline \/ Ihr Weg zu uns&#8220; _builder_version=&#8220;4.19.5&#8243; _module_preset=&#8220;default&#8220; header_3_font=&#8220;|600||on|||||&#8220; header_3_text_color=&#8220;#00AE9F&#8220; header_3_font_size=&#8220;18px&#8220; global_colors_info=&#8220;{}&#8220;]<\/p>\n<h3>Ihr Weg zu uns<\/h3>\n<p>[\/et_pb_text][et_pb_accordion open_toggle_text_color=&#8220;#00AE9F&#8220; closed_toggle_text_color=&#8220;#96D8D0&#8243; icon_color=&#8220;#96D8D0&#8243; use_icon_font_size=&#8220;on&#8220; icon_font_size=&#8220;24px&#8220; admin_label=&#8220;Akkordeon \/ Anfahrtbeschreibungen&#8220; _builder_version=&#8220;4.21.0&#8243; _module_preset=&#8220;default&#8220; toggle_text_color=&#8220;#00AE9F&#8220; toggle_font=&#8220;|700|||||||&#8220; toggle_font_size=&#8220;18px&#8220; closed_toggle_font=&#8220;|700|||||||&#8220; closed_toggle_font_size=&#8220;18px&#8220; body_font_size=&#8220;90%&#8220; body_line_height=&#8220;1.3em&#8220; db_closeable=&#8220;on&#8220; db_initial_state=&#8220;all_closed&#8220; border_radii=&#8220;on|10px|10px|10px|10px&#8220; border_color_all=&#8220;#96D8D0&#8243; global_module=&#8220;4051&#8243; saved_tabs=&#8220;all&#8220; global_colors_info=&#8220;{}&#8220; closed_toggle_text_color__hover_enabled=&#8220;off|desktop&#8220; closed_toggle_text_color__hover=&#8220;#00AE9F&#8220;][et_pb_accordion_item title=&#8220;Mit dem Auto&#8220; open=&#8220;on&#8220; _builder_version=&#8220;4.21.0&#8243; _module_preset=&#8220;default&#8220; body_ol_position=&#8220;outside&#8220; body_ol_item_indent=&#8220;15px&#8220; custom_margin=&#8220;5px|0px|5px|0px|false|false&#8220; custom_padding=&#8220;10px|10px|20px|10px|false|false&#8220; global_colors_info=&#8220;{}&#8220; closed_toggle_text_color__hover=&#8220;#00AE9F&#8220; closed_toggle_text_color__hover_enabled=&#8220;on|hover&#8220;]<\/p>\n<p>Von der A5 kommend fahren Sie<\/p>\n<ul>\n<li>an der <strong>Autobahnausfahrt Freiburg-Mitte<\/strong> auf die B31a Richtung Freiburg.<\/li>\n<li>folgen Sie <strong>ca. 2 km der Bundesstra\u00dfe B31a Richtung Freiburg Mitte<\/strong><\/li>\n<li>Verlassen Sie die B31a an der <strong>Ausfahrt \u201eIndustriegebiet Nord \/ Messe Freiburg\u201c<\/strong> in die Paduaallee Richtung FR-Landwasser<\/li>\n<li>Folgen Sie der Paduaallee ca. 1,5 km bis zur <strong>Ausfahrt Diakoniekrankenhaus, Landwasser, Tierhygienisches Institut<\/strong>.<\/li>\n<li><strong>An der Ampel<\/strong> biegen Sie <strong>links in die Els\u00e4sser Stra\u00dfe<\/strong> ein.<\/li>\n<li>Folgen Sie der Els\u00e4sser Stra\u00dfe und biegen Sie <strong>nach ca. 100 m rechts in die Wirthstra\u00dfe<\/strong> ein und folgen dem Stra\u00dfenverlauf ca. 200 m.<\/li>\n<li>Rechts von Ihnen liegt nun das Diakoniekrankenhaus (Wirthstra\u00dfe 11, 79110 Freiburg).<\/li>\n<\/ul>\n<p>Im <strong>Parkhaus des Diakoniekrankenhauses<\/strong> auf der rechten Seite, direkt nach der Einfahrt in die Wirthstra\u00dfe bei der &#8222;Praxisklinik 2000&#8220;, finden Sie ausreichend komfortable und helle Parkpl\u00e4tze (Mindestbreite der Parkpl\u00e4tze 2,60 m). Die Geb\u00fchren sind mit nur 1,50 \u20ac pro Stunde (Tagesh\u00f6chstsatz: 10 \u20ac) sehr niedrig.<\/p>\n<p>F\u00fcr Termine in unseren R\u00e4umen im \u00c4rztehaus WTZ (Wirthstra\u00dfe 9, 79110 Freiburg) haben Sie zus\u00e4tzlich die M\u00f6glichkeit, die <strong>Parkgarage direkt im UG des \u00c4rztehauses<\/strong> zu benutzen. Auch hier betragen die Parkgeb\u00fchren nur 1,50 \u20ac pro Stunde.<\/p>\n<ul>\n<li><span style=\"color: #ff0000;\">Bitte beachten Sie: <br \/><strong>Wegen der Baustelle<\/strong> nehmen Sie bitte das Parkhaus an der &#8222;Praxisklinik 2000&#8220;. <\/span><br \/><span style=\"color: #ff0000;\">Ab hier ist der Weg zum Eingang ausgeschildert.<\/span><\/li>\n<\/ul>\n<p>F\u00fcr die Anfahrt ist evtl. eine <a href=\"https:\/\/goo.gl\/maps\/zyrVph9mirAAE2Sz5\" target=\"_blank\" rel=\"noopener\"><strong>Ansicht der Stra\u00dfenkarte<\/strong><\/a> (Google Maps) hilfreich.<\/p>\n<p>[\/et_pb_accordion_item][et_pb_accordion_item title=&#8220;Mit der Stadtbahn (Stra\u00dfenbahn) Linie 1&#8243; _builder_version=&#8220;4.21.0&#8243; _module_preset=&#8220;default&#8220; body_ol_position=&#8220;outside&#8220; body_ol_item_indent=&#8220;15px&#8220; custom_margin=&#8220;5px|0px|5px|0px|false|false&#8220; custom_padding=&#8220;10px|10px|20px|10px|false|false&#8220; global_colors_info=&#8220;{}&#8220; closed_toggle_text_color__hover=&#8220;#00AE9F&#8220; closed_toggle_text_color__hover_enabled=&#8220;on|hover&#8220; open=&#8220;off&#8220;]Fahren Sie mit der<\/p>\n<ul>\n<li>Stadtbahn <strong>Linie 1 in Richtung Landwasser<\/strong>.<\/li>\n<li>Steigen Sie an der <strong>Haltestelle &#8222;Diakoniekrankenhaus&#8220;<\/strong> aus.<\/li>\n<li>Gehen Sie von der Haltestelle aus <strong>\u00fcber die Fu\u00dfg\u00e4ngerampel<\/strong> der Els\u00e4sser Stra\u00dfe in die Wirthstra\u00dfe.<\/li>\n<li>Folgen Sie der Wirthstra\u00dfe <strong>ca. 200 m<\/strong>.<\/li>\n<li>Rechts von Ihnen liegt nun das Diakoniekrankenhaus.<\/li>\n<li><span style=\"color: #ff0000;\">Bitte beachten Sie:<br \/>\n<strong>Wegen der Baustelle<\/strong> nehmen Sie bitte den Zugangsweg an der &#8222;Praxisklinik 2000&#8220; bzw. am Parkhaus. <\/span><br \/>\n<span style=\"color: #ff0000;\">Ab hier ist der Weg zum Eingang ausgeschildert.<\/span><\/li>\n<\/ul>\n<p>F\u00fcr die Anfahrt ist evtl. eine <a href=\"https:\/\/goo.gl\/maps\/PNLnwbpAYjYhmz7RA\" target=\"_blank\" rel=\"noopener\"><strong>Ansicht der Stra\u00dfenkarte<\/strong><\/a> (Google Maps) hilfreich.<br \/>\nWeitere Informationen zum \u00f6ffentlichen Nahverkehr mit Bus und Bahn finden sie bei der <strong><a href=\"https:\/\/www.vag-freiburg.de\/fahrplan\/haltestellen-plaene\/haltestelle\/diakoniekrankenhaus-freiburg\" target=\"_blank\" rel=\"noopener\">Freiburger VAG (Stadtbahn Linie 1)<\/a><\/strong>.[\/et_pb_accordion_item][et_pb_accordion_item title=&#8220;Mit regionaler S-Bahn (Freiburg-Breisach)&#8220; _builder_version=&#8220;4.21.0&#8243; _module_preset=&#8220;default&#8220; body_ol_position=&#8220;outside&#8220; body_ol_item_indent=&#8220;15px&#8220; custom_margin=&#8220;5px|0px|5px|0px|false|false&#8220; custom_padding=&#8220;10px|10px|20px|10px|false|false&#8220; global_colors_info=&#8220;{}&#8220; closed_toggle_text_color__hover_enabled=&#8220;on|hover&#8220; closed_toggle_text_color__hover=&#8220;#00AE9F&#8220; open=&#8220;off&#8220;]<\/p>\n<p>Fahren Sie mit der<\/p>\n<ul>\n<li>regionalen <strong>S-Bahn Freiburg\u2013Breisach (Linien S1 und S11)<\/strong>.<\/li>\n<li>Steigen Sie an der <strong>Haltestelle &#8222;Freiburg-West Landwasser&#8220;<\/strong> aus.<\/li>\n<li>Laufen Sie von der Haltestelle aus auf dem <strong>Fu\u00dfweg (1 Min.) in die Wirthstra\u00dfe<\/strong>.<\/li>\n<li>An der Wirthstra\u00dfe angekommen <strong>gehen Sie nach links<\/strong>.<\/li>\n<li>Folgen Sie der Wirthstra\u00dfe <strong>ca. 300 m<\/strong> Richtung Freiburg.<\/li>\n<li>Nach der Rechtskurve liegt nun links vor Ihnen das Diakoniekrankenhaus.<\/li>\n<li><span style=\"color: #ff0000;\">Bitte beachten Sie:<br \/><strong>Wegen der Baustelle<\/strong> laufen Sie bitte weiter bis zur &#8222;Praxisklinik 2000&#8220; bzw. bis zum Parkhaus. <\/span><br \/><span style=\"color: #ff0000;\">Ab hier ist der Weg zum Eingang ausgeschildert.<\/span><\/li>\n<\/ul>\n<p>F\u00fcr die Anfahrt ist evtl. eine <a href=\"https:\/\/goo.gl\/maps\/zyrVph9mirAAE2Sz5\" target=\"_blank\" rel=\"noopener\"><strong>Ansicht der Stra\u00dfenkarte<\/strong><\/a> (Google Maps) hilfreich.<\/p>\n<p>[\/et_pb_accordion_item][et_pb_accordion_item title=&#8220;Mit dem Bus (Linie 36, Hochdorf &#8211; Bissierstra\u00dfe)&#8220; _builder_version=&#8220;4.21.0&#8243; _module_preset=&#8220;default&#8220; body_ol_position=&#8220;outside&#8220; body_ol_item_indent=&#8220;15px&#8220; custom_margin=&#8220;5px|0px|5px|0px|false|false&#8220; custom_padding=&#8220;10px|10px|20px|10px|false|false&#8220; global_colors_info=&#8220;{}&#8220; closed_toggle_text_color__hover_enabled=&#8220;on|hover&#8220; closed_toggle_text_color__hover=&#8220;#00AE9F&#8220; open=&#8220;off&#8220;]<\/p>\n<p>Wegen der Bauma\u00dfnahmen am Diakoniekrankenhaus und einer einseitigen Stra\u00dfensperrung in der Wirthstra\u00dfe \u00e4ndert sich der Fahrtweg der <strong>Bus-Linie 36 (Hochdorf &#8211; Landwasser &#8211; Mooswald &#8211; Bissierstra\u00dfe)<\/strong> stadteinw\u00e4rts:<\/p>\n<ul>\n<li>Busse aus Hochdorf fahren ab der Haltestelle \u201eMoosweiher\u201c weiter auf der Els\u00e4sser Stra\u00dfe bis zur Ersatzhaltestelle \u201eDiakoniekrankenhaus\u201c. Diese liegt bei der gleichnamigen Stadtbahnhaltestelle.<\/li>\n<li>Busse, die ins Gewerbegebiet Haid weiterfahren, machen einen Halt an der Haltestelle \u201eWirthstra\u00dfe\u201c auf der gegen\u00fcberliegenden Stra\u00dfenseite. Die Haltestelle \u201eWirthstra\u00dfe\u201c wird stadteinw\u00e4rts nicht angefahren.<\/li>\n<\/ul>\n<p>F\u00fcr die Anfahrt ist evtl. eine <a href=\"https:\/\/goo.gl\/maps\/PNLnwbpAYjYhmz7RA\" target=\"_blank\" rel=\"noopener\"><strong>Ansicht der Stra\u00dfenkarte<\/strong><\/a> (Google Maps) hilfreich.<br \/>Weitere Informationen zum \u00f6ffentlichen Nahverkehr mit Bus und Bahn finden sie bei der <strong><a href=\"https:\/\/www.vag-freiburg.de\/fahrplan\/linien-fahrplaene\/linie\/bus-36\" target=\"_blank\" rel=\"noopener\">Freiburger VAG (Bus Linie 36)<\/a><\/strong>.<\/p>\n<p>[\/et_pb_accordion_item][et_pb_accordion_item title=&#8220;Mit dem Fahrrad&#8220; _builder_version=&#8220;4.21.0&#8243; _module_preset=&#8220;default&#8220; body_ol_position=&#8220;outside&#8220; body_ol_item_indent=&#8220;15px&#8220; custom_margin=&#8220;5px|0px|5px|0px|false|false&#8220; custom_padding=&#8220;10px|10px|20px|10px|false|false&#8220; global_colors_info=&#8220;{}&#8220; closed_toggle_text_color__hover=&#8220;#00AE9F&#8220; closed_toggle_text_color__hover_enabled=&#8220;on|hover&#8220; open=&#8220;off&#8220;]<\/p>\n<p>Aus der Stadt kommend<\/p>\n<ul>\n<li>folgen Sie der Els\u00e4sser Stra\u00dfe auf dem <strong>Radweg in Richtung Landwasser<\/strong> bis zur Abzweigung Wirthstra\u00dfe (Erkennbar am gro\u00dfen Parkhaus an der Ecke).<\/li>\n<li><strong>Biegen Sie in die Wirthstra\u00dfe ein<\/strong> und folgen Sie dieser etwa <strong>100m, vorbei am Parkhaus<\/strong> und der Praxisklinik 2000.<\/li>\n<li><del>Nach der Praxisklinik erkennen Sie einen <strong>Fu\u00dfweg Richtung Diakoniekrankenhaus<\/strong>. Dort bitte absteigen und das Rad direkt vor den Haupteingang schieben, wo Sie Sie Ihr Fahrrad am Fahrradst\u00e4nder abstellen und anschlie\u00dfen k\u00f6nnen.<\/del><\/li>\n<li><span style=\"color: #ff0000;\">Bitte beachten Sie:<br \/><strong>Wegen der Baustelle<\/strong> nehmen Sie bitte den Zugangsweg an der &#8222;Praxisklinik 2000&#8220; bzw. am Parkhaus. <\/span><br \/><span style=\"color: #ff0000;\">Ab hier ist der Weg zum Eingang ausgeschildert. <br \/>Leider kann das Fahhrad auch nicht direkt am Eingang abgestellt werden \u2013 Fahradstellpl\u00e4tze sind jedoch an der Einfahrt zum Parkhaus vorhanden.<br \/><\/span><\/li>\n<\/ul>\n<p>F\u00fcr die Anfahrt per Rad ist evtl. der <a href=\"https:\/\/www.falk.de\/routenplaner-fahrrad?data=eyJncCI6IjQ4LjAyMzk0OSw3LjgxNTQ1MCIsImd6IjoiMTYuMDAifQ==\" target=\"_blank\" rel=\"noopener\"><strong>Fahrradroutenplaner<\/strong><\/a> (Falk) hilfreich.<\/p>\n<p>[\/et_pb_accordion_item][\/et_pb_accordion][\/et_pb_column][\/et_pb_row][\/et_pb_section]<\/p>\n","protected":false},"excerpt":{"rendered":"<p>ST\u00d6RUNG! Wegen eines Leitungsdefekts sind wir zurzeit leider nicht erreichbar &#8211; weder per E-Mail oder Kontaktformular noch via Patientenportal! Telefonisch sind wir stark ausgelastet.Schnell + einfach per Online-Formular Fragen Sie unsWir bitten Sie, f\u00fcr allgemeine Anfragen das nachstehende Kontaktformular zu nutzen. Sobald Ihre Nachricht uns erreicht hat, werden wir uns in K\u00fcrze bei Ihnen melden. Ihren Untersuchungstermin buchen Sie bitte \u00fcber unseren Online-Termin-Service.Bestens erreichbar Immer in Ihrer N\u00e4heUnsere Praxisr\u00e4ume finden Sie an zwei benachbarten Standorten in der Wirthstra\u00dfe im Stadtteil Freiburg-Landwasser: Die meisten Untersuchungen sowie die Zentrale und Anmeldung sind in der Ambulanz des Diakoniekrankenhauses (Wirthstra\u00dfe 11). Spezielle Untersuchungen werden im 3. OG des \u00c4rztehauses WTZ (Wirthstra\u00dfe 9) ausgef\u00fchrt.Ihr Weg zu unsVon der A5 kommend fahren Sie an der Autobahnausfahrt Freiburg-Mitte auf die B31a Richtung Freiburg. folgen Sie ca. 2 km der Bundesstra\u00dfe B31a Richtung Freiburg Mitte Verlassen Sie die B31a an der Ausfahrt \u201eIndustriegebiet Nord \/ Messe Freiburg\u201c in die Paduaallee Richtung FR-Landwasser Folgen Sie der Paduaallee ca. 1,5 km bis zur Ausfahrt Diakoniekrankenhaus, Landwasser, Tierhygienisches Institut. An der Ampel biegen Sie links in die Els\u00e4sser Stra\u00dfe ein. Folgen Sie der Els\u00e4sser Stra\u00dfe und biegen Sie nach ca. 100 m rechts in die Wirthstra\u00dfe ein und folgen dem Stra\u00dfenverlauf [&hellip;]<\/p>\n","protected":false},"author":2,"featured_media":0,"parent":0,"menu_order":913,"comment_status":"closed","ping_status":"closed","template":"","meta":{"_seopress_robots_primary_cat":"","_seopress_titles_title":"","_seopress_titles_desc":"IBID Online-Anmeldeservice: Fragen Sie ohne telefonische Wartezeiten nach dem n\u00e4chstm\u00f6glichen Untersuchungstermin in unserer radiologischen Praxis im Diakoniekrankenhaus in Freiburg.","_seopress_robots_index":"","_et_pb_use_builder":"on","_et_pb_old_content":"","_et_gb_content_width":"","footnotes":""},"class_list":["post-164","page","type-page","status-publish","hentry"],"_links":{"self":[{"href":"https:\/\/www.ibid-radiologie.de\/cms\/wp-json\/wp\/v2\/pages\/164","targetHints":{"allow":["GET"]}}],"collection":[{"href":"https:\/\/www.ibid-radiologie.de\/cms\/wp-json\/wp\/v2\/pages"}],"about":[{"href":"https:\/\/www.ibid-radiologie.de\/cms\/wp-json\/wp\/v2\/types\/page"}],"author":[{"embeddable":true,"href":"https:\/\/www.ibid-radiologie.de\/cms\/wp-json\/wp\/v2\/users\/2"}],"replies":[{"embeddable":true,"href":"https:\/\/www.ibid-radiologie.de\/cms\/wp-json\/wp\/v2\/comments?post=164"}],"version-history":[{"count":10,"href":"https:\/\/www.ibid-radiologie.de\/cms\/wp-json\/wp\/v2\/pages\/164\/revisions"}],"predecessor-version":[{"id":14895,"href":"https:\/\/www.ibid-radiologie.de\/cms\/wp-json\/wp\/v2\/pages\/164\/revisions\/14895"}],"wp:attachment":[{"href":"https:\/\/www.ibid-radiologie.de\/cms\/wp-json\/wp\/v2\/media?parent=164"}],"curies":[{"name":"wp","href":"https:\/\/api.w.org\/{rel}","templated":true}]}}