{"id":104,"date":"2020-05-27T12:32:41","date_gmt":"2020-05-27T10:32:41","guid":{"rendered":"https:\/\/www.ibid-radiologie.de\/cms\/?page_id=104"},"modified":"2026-02-25T09:20:52","modified_gmt":"2026-02-25T08:20:52","slug":"kooperationen","status":"publish","type":"page","link":"https:\/\/www.ibid-radiologie.de\/cms\/das-institut\/kooperationen\/","title":{"rendered":"Kooperationen"},"content":{"rendered":"<p>[et_pb_section fb_built=&#8220;1&#8243; custom_padding_last_edited=&#8220;on|tablet&#8220; admin_label=&#8220;TopMotiv&#8220; _builder_version=&#8220;4.27.3&#8243; use_background_color_gradient=&#8220;on&#8220; background_color_gradient_type=&#8220;circular&#8220; background_color_gradient_direction_radial=&#8220;top left&#8220; background_color_gradient_stops=&#8220;rgba(237,239,250,0) 10%|rgba(255,255,255,0.8) 70%&#8220; background_color_gradient_overlays_image=&#8220;on&#8220; background_color_gradient_start=&#8220;rgba(237,239,250,0)&#8220; background_color_gradient_start_position=&#8220;20%&#8220; background_color_gradient_end=&#8220;rgba(255,255,255,0.67)&#8220; background_color_gradient_end_position=&#8220;80%&#8220; background_image=&#8220;https:\/\/www.ibid-radiologie.de\/cms\/wp-content\/uploads\/2024\/11\/IBID-Anmeldung-1920&#215;920-Sorrentino-6817.jpg&#8220; module_alignment=&#8220;right&#8220; height=&#8220;800px&#8220; height_tablet=&#8220;350px&#8220; height_phone=&#8220;300px&#8220; height_last_edited=&#8220;on|phone&#8220; max_height=&#8220;800px&#8220; custom_margin=&#8220;|||&#8220; custom_margin_tablet=&#8220;|0%||0%&#8220; custom_margin_last_edited=&#8220;off|desktop&#8220; custom_padding=&#8220;0px|0px|0|0px|false|false&#8220; custom_padding_tablet=&#8220;|||&#8220; custom_padding_phone=&#8220;&#8220; top_divider_arrangement=&#8220;above_content&#8220; top_divider_height_tablet=&#8220;90px&#8220; top_divider_height_phone=&#8220;90px&#8220; bottom_divider_color=&#8220;#ffffff&#8220; bottom_divider_height=&#8220;100%&#8220; bottom_divider_repeat=&#8220;0.6x&#8220; bottom_divider_flip=&#8220;horizontal&#8220; bottom_divider_arrangement=&#8220;above_content&#8220; bottom_divider_height_tablet=&#8220;90px&#8220; bottom_divider_height_phone=&#8220;90px&#8220; bottom_divider_height_last_edited=&#8220;on|phone&#8220; background_last_edited=&#8220;on|phone&#8220; background_size_tablet=&#8220;cover&#8220; background_size_phone=&#8220;cover&#8220; background_position_tablet=&#8220;center_left&#8220; background_position_phone=&#8220;bottom_left&#8220; locked=&#8220;off&#8220; global_colors_info=&#8220;{}&#8220;][et_pb_row column_structure=&#8220;3_5,2_5&#8243; use_custom_gutter=&#8220;on&#8220; gutter_width=&#8220;1&#8243; make_equal=&#8220;on&#8220; custom_padding_last_edited=&#8220;on|desktop&#8220; _builder_version=&#8220;4.27.3&#8243; width=&#8220;100%&#8220; max_width=&#8220;100%&#8220; height=&#8220;700px&#8220; custom_margin=&#8220;|||0%|false|false&#8220; custom_margin_tablet=&#8220;|||0%|false|false&#8220; custom_margin_phone=&#8220;&#8220; custom_margin_last_edited=&#8220;on|tablet&#8220; custom_padding=&#8220;0|5%|0|0px|false|false&#8220; custom_padding_tablet=&#8220;|0%|||false|false&#8220; custom_padding_phone=&#8220;&#8220; use_custom_width=&#8220;on&#8220; width_unit=&#8220;off&#8220; custom_width_percent=&#8220;100%&#8220; global_colors_info=&#8220;{}&#8220;][et_pb_column type=&#8220;3_5&#8243; _builder_version=&#8220;4.16&#8243; custom_padding=&#8220;|||&#8220; custom_padding_tablet=&#8220;&#8220; custom_padding_phone=&#8220;||||false|false&#8220; custom_padding_last_edited=&#8220;on|phone&#8220; global_colors_info=&#8220;{}&#8220; custom_padding__hover=&#8220;|||&#8220;][et_pb_divider show_divider=&#8220;off&#8220; _builder_version=&#8220;4.16&#8243; height=&#8220;300px&#8220; global_colors_info=&#8220;{}&#8220;][\/et_pb_divider][\/et_pb_column][et_pb_column type=&#8220;2_5&#8243; _builder_version=&#8220;4.16&#8243; custom_padding=&#8220;200px||20%|50px|false|false&#8220; custom_padding_tablet=&#8220;60px|10%|10%|10%|false|false&#8220; custom_padding_phone=&#8220;0px||||false|false&#8220; custom_padding_last_edited=&#8220;on|phone&#8220; border_color_bottom=&#8220;#d6d6d6&#8243; border_width_bottom_tablet=&#8220;1px&#8220; border_width_bottom_phone=&#8220;&#8220; border_width_bottom_last_edited=&#8220;on|phone&#8220; border_color_bottom_tablet=&#8220;&#8220; border_color_bottom_phone=&#8220;&#8220; border_color_bottom_last_edited=&#8220;on|tablet&#8220; global_colors_info=&#8220;{}&#8220; padding_tablet=&#8220;|10%||10%&#8220; padding_last_edited=&#8220;on|desktop&#8220; custom_padding__hover=&#8220;|||&#8220; padding_phone=&#8220;|10%||10%&#8220;][et_pb_text _builder_version=&#8220;4.16&#8243; text_font=&#8220;||||||||&#8220; text_text_color=&#8220;#939393&#8243; text_font_size=&#8220;20px&#8220; text_line_height=&#8220;1.8em&#8220; link_font=&#8220;Montserrat|700|||||||&#8220; link_text_color=&#8220;#fa546d&#8220; link_font_size=&#8220;22px&#8220; link_line_height=&#8220;1.5em&#8220; header_font=&#8220;|600|||||||&#8220; header_text_color=&#8220;#00AE9F&#8220; header_font_size=&#8220;44px&#8220; header_line_height=&#8220;1.2em&#8220; header_2_font=&#8220;|600|||||||&#8220; header_2_text_color=&#8220;#00ae9f&#8220; header_2_font_size=&#8220;44px&#8220; header_2_line_height=&#8220;1.2em&#8220; header_6_font=&#8220;|600||on|||||&#8220; header_6_text_color=&#8220;#85c742&#8243; header_6_font_size=&#8220;16px&#8220; header_6_letter_spacing=&#8220;2px&#8220; header_6_line_height=&#8220;1.5em&#8220; max_width=&#8220;380px&#8220; max_width_tablet=&#8220;&#8220; max_width_phone=&#8220;&#8220; max_width_last_edited=&#8220;on|phone&#8220; module_alignment=&#8220;left&#8220; custom_margin=&#8220;||||false|false&#8220; custom_margin_tablet=&#8220;&#8220; custom_margin_phone=&#8220;||||false|false&#8220; custom_margin_last_edited=&#8220;on|phone&#8220; custom_padding=&#8220;||||false|false&#8220; text_font_size_tablet=&#8220;18px&#8220; text_font_size_phone=&#8220;&#8220; text_font_size_last_edited=&#8220;on|desktop&#8220; header_font_size_tablet=&#8220;&#8220; header_font_size_phone=&#8220;28px&#8220; header_font_size_last_edited=&#8220;on|phone&#8220; header_2_font_size_tablet=&#8220;&#8220; header_2_font_size_phone=&#8220;28px&#8220; header_2_font_size_last_edited=&#8220;on|phone&#8220; text_text_shadow_style=&#8220;preset3&#8243; text_text_shadow_color=&#8220;#ffffff&#8220; header_2_text_shadow_style=&#8220;preset3&#8243; header_2_text_shadow_color=&#8220;#ffffff&#8220; header_6_text_shadow_style=&#8220;preset3&#8243; header_6_text_shadow_color=&#8220;#ffffff&#8220; global_colors_info=&#8220;{}&#8220;]<\/p>\n<h6>Bestens vernetzt<\/h6>\n<h1>Interdisziplin\u00e4re<br \/>Zusammenarbeit<\/h1>\n<p>Bei der Diagnostik und Behandlung ist eine enge Zusammenarbeit aller Fachbereiche von besonderer Bedeutung.<\/p>\n<p>[\/et_pb_text][et_pb_button button_url=&#8220;@ET-DC@eyJkeW5hbWljIjp0cnVlLCJjb250ZW50IjoicG9zdF9saW5rX3VybF9wYWdlIiwic2V0dGluZ3MiOnsicG9zdF9pZCI6IjE0NzY5In19@&#8220; button_text=&#8220;ZUR TERMIN-ANFRAGE&#8220; _builder_version=&#8220;4.27.5&#8243; _dynamic_attributes=&#8220;button_url&#8220; custom_button=&#8220;on&#8220; button_text_size=&#8220;16px&#8220; button_text_color=&#8220;#ffffff&#8220; button_bg_color=&#8220;rgba(0,174,159,0.65)&#8220; button_border_width=&#8220;6px&#8220; button_border_color=&#8220;rgba(0,0,0,0)&#8220; button_border_radius=&#8220;100px&#8220; button_letter_spacing=&#8220;1px&#8220; button_font=&#8220;|700|||||||&#8220; button_icon=&#8220;&#x24;||divi||400&#8243; background_layout=&#8220;dark&#8220; custom_margin=&#8220;||0px||false|false&#8220; custom_padding_tablet=&#8220;||||false|false&#8220; custom_padding_phone=&#8220;&#8220; custom_padding_last_edited=&#8220;on|tablet&#8220; box_shadow_style=&#8220;preset3&#8243; button_border_radius_hover=&#8220;100px&#8220; button_bg_color_hover=&#8220;#ff6b86&#8243; global_colors_info=&#8220;{}&#8220; button_text_size__hover_enabled=&#8220;off&#8220; button_one_text_size__hover_enabled=&#8220;off&#8220; button_two_text_size__hover_enabled=&#8220;off&#8220; button_text_color__hover_enabled=&#8220;off&#8220; button_one_text_color__hover_enabled=&#8220;off&#8220; button_two_text_color__hover_enabled=&#8220;off&#8220; button_border_width__hover_enabled=&#8220;off&#8220; button_one_border_width__hover_enabled=&#8220;off&#8220; button_two_border_width__hover_enabled=&#8220;off&#8220; button_border_color__hover_enabled=&#8220;off&#8220; button_one_border_color__hover_enabled=&#8220;off&#8220; button_two_border_color__hover_enabled=&#8220;off&#8220; button_border_radius__hover_enabled=&#8220;on&#8220; button_border_radius__hover=&#8220;100px&#8220; button_one_border_radius__hover_enabled=&#8220;off&#8220; button_two_border_radius__hover_enabled=&#8220;off&#8220; button_letter_spacing__hover_enabled=&#8220;off&#8220; button_one_letter_spacing__hover_enabled=&#8220;off&#8220; button_two_letter_spacing__hover_enabled=&#8220;off&#8220; button_bg_color__hover_enabled=&#8220;on|hover&#8220; button_bg_color__hover=&#8220;#85c742&#8243; button_one_bg_color__hover_enabled=&#8220;off&#8220; button_two_bg_color__hover_enabled=&#8220;off&#8220; button_bg_enable_color__hover=&#8220;on&#8220;][\/et_pb_button][\/et_pb_column][\/et_pb_row][\/et_pb_section][et_pb_section fb_built=&#8220;1&#8243; _builder_version=&#8220;4.16&#8243; global_colors_info=&#8220;{}&#8220;][et_pb_row column_structure=&#8220;2_5,3_5&#8243; _builder_version=&#8220;4.16&#8243; global_colors_info=&#8220;{}&#8220;][et_pb_column type=&#8220;2_5&#8243; _builder_version=&#8220;4.16&#8243; custom_padding_tablet=&#8220;30px||||false|false&#8220; custom_padding_phone=&#8220;&#8220; custom_padding_last_edited=&#8220;on|phone&#8220; global_colors_info=&#8220;{}&#8220;][et_pb_text admin_label=&#8220;TXT \/ Evangelisches Diakoniekrankenhaus Freiburg (EDKH)&#8220; _builder_version=&#8220;4.16&#8243; text_font=&#8220;||||||||&#8220; text_line_height=&#8220;1.8em&#8220; link_font=&#8220;Montserrat|700|||||||&#8220; link_text_color=&#8220;#fa546d&#8220; link_font_size=&#8220;22px&#8220; link_line_height=&#8220;1.5em&#8220; header_font=&#8220;|600|||||||&#8220; header_text_color=&#8220;#00ae9f&#8220; header_font_size=&#8220;44px&#8220; header_line_height=&#8220;1.4em&#8220; header_2_font=&#8220;|600|||||||&#8220; header_2_text_color=&#8220;#00ae9f&#8220; header_2_font_size=&#8220;44px&#8220; header_2_line_height=&#8220;1.4em&#8220; header_6_font=&#8220;|600||on|||||&#8220; header_6_text_color=&#8220;#85c742&#8243; header_6_font_size=&#8220;16px&#8220; header_6_letter_spacing=&#8220;2px&#8220; header_6_line_height=&#8220;1.5em&#8220; max_width_last_edited=&#8220;off|desktop&#8220; module_alignment=&#8220;left&#8220; custom_margin=&#8220;||||false|false&#8220; custom_padding=&#8220;||||false|false&#8220; header_font_size_tablet=&#8220;&#8220; header_font_size_phone=&#8220;28px&#8220; header_font_size_last_edited=&#8220;on|phone&#8220; header_2_font_size_tablet=&#8220;&#8220; header_2_font_size_phone=&#8220;28px&#8220; header_2_font_size_last_edited=&#8220;on|phone&#8220; global_colors_info=&#8220;{}&#8220;]<\/p>\n<h6>Kooperation<\/h6>\n<h1>Evangelisches Diakoniekrankenhaus Freiburg (EDKH)<\/h1>\n<p>[\/et_pb_text][et_pb_image src=&#8220;https:\/\/www.ibid-radiologie.de\/cms\/wp-content\/uploads\/2024\/11\/IBID-PraxisRaum-900X600-evDiakonieKH.jpg&#8220; alt=&#8220;Evangelisches Diakoniekrankenhaus Freiburg&#8220; title_text=&#8220;Evangelisches Diakoniekrankenhaus Freiburg&#8220; show_in_lightbox=&#8220;on&#8220; use_overlay=&#8220;on&#8220; overlay_icon_color=&#8220;#ffffff&#8220; hover_overlay_color=&#8220;rgba(147,147,147,0.41)&#8220; hover_icon=&#8220;&#x54;||divi||400&#8243; admin_label=&#8220;Bild \/ Luftaufnahme eDKH&#8220; _builder_version=&#8220;4.27.3&#8243; _module_preset=&#8220;default&#8220; custom_margin=&#8220;||0px||false|false&#8220; custom_padding=&#8220;||0px||false|false&#8220; enable_caption_text=&#8220;on&#8220; image_caption_color=&#8220;#999999&#8243; image_caption_size=&#8220;10px&#8220; global_colors_info=&#8220;{}&#8220;][\/et_pb_image][\/et_pb_column][et_pb_column type=&#8220;3_5&#8243; _builder_version=&#8220;4.16&#8243; global_colors_info=&#8220;{}&#8220;][et_pb_text admin_label=&#8220;TXT \/ gr\u00fcn&#8220; _builder_version=&#8220;4.16&#8243; text_font=&#8220;||||||||&#8220; text_line_height=&#8220;1.4em&#8220; link_font=&#8220;Montserrat|700|||||||&#8220; link_text_color=&#8220;#fa546d&#8220; link_font_size=&#8220;22px&#8220; link_line_height=&#8220;1.5em&#8220; header_font=&#8220;||||||||&#8220; header_text_color=&#8220;#00ae9f&#8220; header_2_font=&#8220;||||||||&#8220; header_2_text_color=&#8220;#00ae9f&#8220; header_2_font_size=&#8220;18px&#8220; header_2_line_height=&#8220;1.4em&#8220; header_4_font=&#8220;||||||||&#8220; header_4_text_color=&#8220;#00ae9f&#8220; header_4_line_height=&#8220;1.3em&#8220; header_6_font=&#8220;|600||on|||||&#8220; header_6_text_color=&#8220;#85c742&#8243; header_6_font_size=&#8220;16px&#8220; header_6_letter_spacing=&#8220;2px&#8220; header_6_line_height=&#8220;1.5em&#8220; module_alignment=&#8220;left&#8220; custom_margin=&#8220;||||false|false&#8220; custom_padding=&#8220;||||false|false&#8220; header_2_font_size_tablet=&#8220;&#8220; header_2_font_size_phone=&#8220;&#8220; header_2_font_size_last_edited=&#8220;on|phone&#8220; header_4_font_tablet=&#8220;||||||||&#8220; header_4_font_phone=&#8220;|600|||||||&#8220; header_4_font_last_edited=&#8220;on|tablet&#8220; header_4_font_size_tablet=&#8220;&#8220; header_4_font_size_phone=&#8220;18px&#8220; header_4_font_size_last_edited=&#8220;on|phone&#8220; header_4_line_height_tablet=&#8220;&#8220; header_4_line_height_phone=&#8220;1.3em&#8220; header_4_line_height_last_edited=&#8220;on|desktop&#8220; global_colors_info=&#8220;{}&#8220;]<\/p>\n<h2><span style=\"color: #008080;\">Das IBID ist nicht nur im EDKH angesiedelt, sondern gew\u00e4hrleistet auch die radiologische Vollversorgung dieses renommierten Krankenhauses. Alle Abteilungen des EDKH genie\u00dfen einen hervorragenden Ruf \u00fcber die Grenzen der Stadt und Region hinaus und sind bekannt f\u00fcr ihre herausragende medizinische Qualit\u00e4t.<\/span><\/h2>\n<p>[\/et_pb_text][et_pb_text _builder_version=&#8220;4.19.5&#8243; text_font=&#8220;||||||||&#8220; text_line_height=&#8220;1.4em&#8220; link_font=&#8220;Montserrat|700|||||||&#8220; link_text_color=&#8220;#fa546d&#8220; link_font_size=&#8220;22px&#8220; link_line_height=&#8220;1.5em&#8220; header_font=&#8220;||||||||&#8220; header_text_color=&#8220;#00ae9f&#8220; header_2_font=&#8220;|600|||||||&#8220; header_2_text_color=&#8220;#00ae9f&#8220; header_2_font_size=&#8220;44px&#8220; header_2_line_height=&#8220;1.4em&#8220; header_6_font=&#8220;|600||on|||||&#8220; header_6_text_color=&#8220;#85c742&#8243; header_6_font_size=&#8220;16px&#8220; header_6_letter_spacing=&#8220;2px&#8220; header_6_line_height=&#8220;1.5em&#8220; max_width_last_edited=&#8220;off|desktop&#8220; module_alignment=&#8220;left&#8220; custom_margin=&#8220;||||false|false&#8220; custom_padding=&#8220;||0px||false|false&#8220; header_2_font_size_tablet=&#8220;&#8220; header_2_font_size_phone=&#8220;28px&#8220; header_2_font_size_last_edited=&#8220;on|phone&#8220; global_colors_info=&#8220;{}&#8220;]<\/p>\n<p>Dar\u00fcberhinaus versteht es die Krankenhausleitung, trotz der prek\u00e4ren Situation auf dem Arbeitsmarkt und insbesondere in der Krankenpflege und zunehmend auch bei \u00c4rzten und dem damit verbundenen Wettkampf um gute Mitarbeiter, ein hochqualifiziertes und motiviertes medizinisches Team zu stellen und auch zu erhalten.<\/p>\n<p>Das EDKH stellt sich seit Jahren einer freiwilligen Pr\u00fcfung der Qualit\u00e4t und Attraktivit\u00e4t seiner Arbeitsplatzkultur durch das unabh\u00e4ngige Great Place To Work\u00ae Institut und dem Urteil der eigenen Mitarbeitenden und ist auch in diesem Jahr wieder bestens bewertet worden: die Auszeichnung als einer der besten Arbeitgeber Deutschlands 2020 und sogar Platz 1 in der Kategorie \u201eKliniken mit mehr als 50 Besch\u00e4ftigten\u201c sprechen f\u00fcr sich.<\/p>\n<p>Wir empfinden die radiologische Versorgung des EDKH nicht nur als Pflicht und Aufgabe, sondern auch als Bereicherung und Berufung. Es ehrt uns, dass uns ein so renommiertes Krankenhaus die radiologische Versorgung seiner Patienten anvertraut und dieses Vertrauen mit einem langfristigen Kooperationsvertrag untermauert.<\/p>\n<p>Das bedeutet auch Kontinuit\u00e4t, indem Dr. M\u00fcller seine 2016 begonnene T\u00e4tigkeit am und im EDKH als vor Ort verantwortlicher Gesellschafter des IDR ab dem 1.7.2020 in Eigenregie fortsetzte und das IBID gr\u00fcndete. Dr. M\u00fcller hat am 1.1.2024 die Leitung des IBID in die H\u00e4nde von Dr. Philipp Krause \u00fcbergeben, ist jedoch weiterhin Teil des Teams.<\/p>\n<p>[\/et_pb_text][et_pb_text disabled_on=&#8220;on|on|on&#8220; _builder_version=&#8220;4.19.5&#8243; text_font=&#8220;||||||||&#8220; link_font=&#8220;Montserrat|700|||||||&#8220; link_text_color=&#8220;#fa546d&#8220; link_font_size=&#8220;22px&#8220; link_line_height=&#8220;1.5em&#8220; header_font=&#8220;||||||||&#8220; header_text_color=&#8220;#00ae9f&#8220; header_2_font=&#8220;|600|||||||&#8220; header_2_text_color=&#8220;#00ae9f&#8220; header_2_font_size=&#8220;44px&#8220; header_2_line_height=&#8220;1.4em&#8220; header_6_font=&#8220;|600||on|||||&#8220; header_6_text_color=&#8220;#85c742&#8243; header_6_font_size=&#8220;16px&#8220; header_6_letter_spacing=&#8220;2px&#8220; header_6_line_height=&#8220;1.5em&#8220; max_width_last_edited=&#8220;off|desktop&#8220; module_alignment=&#8220;left&#8220; custom_margin=&#8220;||||false|false&#8220; custom_padding=&#8220;||0px||false|false&#8220; header_2_font_size_tablet=&#8220;&#8220; header_2_font_size_phone=&#8220;28px&#8220; header_2_font_size_last_edited=&#8220;on|phone&#8220; disabled=&#8220;on&#8220; global_colors_info=&#8220;{}&#8220;]<\/p>\n<p><span style=\"color: #ff0000;\">Bild und Statement von Herrn Decker, Prof. Allgaier, Prof. Rumstadt, Prof. Watermann und Prof. Wiesenack<\/span><\/p>\n<p>[\/et_pb_text][\/et_pb_column][\/et_pb_row][\/et_pb_section][et_pb_section fb_built=&#8220;1&#8243; admin_label=&#8220;Sektion Gesundheitscampus&#8220; _builder_version=&#8220;4.27.3&#8243; background_enable_color=&#8220;off&#8220; use_background_color_gradient=&#8220;on&#8220; background_color_gradient_stops=&#8220;rgba(214,214,214,0.2) 5%|#ffffff 70%&#8220; background_color_gradient_start=&#8220;rgba(214,214,214,0.15)&#8220; background_color_gradient_end=&#8220;#ffffff&#8220; global_colors_info=&#8220;{}&#8220;][et_pb_row column_structure=&#8220;2_5,3_5&#8243; _builder_version=&#8220;4.16&#8243; global_colors_info=&#8220;{}&#8220;][et_pb_column type=&#8220;2_5&#8243; _builder_version=&#8220;4.16&#8243; custom_padding_tablet=&#8220;30px||||false|false&#8220; custom_padding_phone=&#8220;&#8220; custom_padding_last_edited=&#8220;on|phone&#8220; global_colors_info=&#8220;{}&#8220;][et_pb_text admin_label=&#8220;Headline \/ Gesundheitscampus&#8220; _builder_version=&#8220;4.19.5&#8243; text_font=&#8220;||||||||&#8220; text_line_height=&#8220;1.8em&#8220; link_font=&#8220;Montserrat|700|||||||&#8220; link_text_color=&#8220;#fa546d&#8220; link_font_size=&#8220;22px&#8220; link_line_height=&#8220;1.5em&#8220; header_font=&#8220;|600|||||||&#8220; header_text_color=&#8220;#00ae9f&#8220; header_font_size=&#8220;44px&#8220; header_line_height=&#8220;1.4em&#8220; header_2_font=&#8220;|600|||||||&#8220; header_2_text_color=&#8220;#00ae9f&#8220; header_2_font_size=&#8220;44px&#8220; header_2_line_height=&#8220;1.4em&#8220; header_6_font=&#8220;|600||on|||||&#8220; header_6_text_color=&#8220;#85c742&#8243; header_6_font_size=&#8220;16px&#8220; header_6_letter_spacing=&#8220;2px&#8220; header_6_line_height=&#8220;1.5em&#8220; max_width_last_edited=&#8220;off|desktop&#8220; module_alignment=&#8220;left&#8220; custom_margin=&#8220;||||false|false&#8220; custom_padding=&#8220;||||false|false&#8220; header_font_size_tablet=&#8220;&#8220; header_font_size_phone=&#8220;28px&#8220; header_font_size_last_edited=&#8220;on|phone&#8220; header_2_font_size_tablet=&#8220;&#8220; header_2_font_size_phone=&#8220;28px&#8220; header_2_font_size_last_edited=&#8220;on|phone&#8220; global_colors_info=&#8220;{}&#8220;]<\/p>\n<h6>Fach\u00fcbergreifend:<\/h6>\n<h1>Gesundheitscampus<\/h1>\n<p>[\/et_pb_text][et_pb_text admin_label=&#8220;Text \/ Gesundheitscampus&#8220; _builder_version=&#8220;4.19.5&#8243; text_font=&#8220;||||||||&#8220; text_line_height=&#8220;1.4em&#8220; link_font=&#8220;Montserrat|700|||||||&#8220; link_text_color=&#8220;#fa546d&#8220; link_font_size=&#8220;22px&#8220; link_line_height=&#8220;1.5em&#8220; header_font=&#8220;||||||||&#8220; header_text_color=&#8220;#00ae9f&#8220; header_2_font=&#8220;||||||||&#8220; header_2_text_color=&#8220;#00ae9f&#8220; header_2_font_size=&#8220;18px&#8220; header_2_line_height=&#8220;1.4em&#8220; header_4_font=&#8220;||||||||&#8220; header_4_text_color=&#8220;#00ae9f&#8220; header_4_line_height=&#8220;1.3em&#8220; header_6_font=&#8220;|600||on|||||&#8220; header_6_text_color=&#8220;#85c742&#8243; header_6_font_size=&#8220;16px&#8220; header_6_letter_spacing=&#8220;2px&#8220; header_6_line_height=&#8220;1.5em&#8220; module_alignment=&#8220;left&#8220; custom_margin=&#8220;||||false|false&#8220; custom_padding=&#8220;||||false|false&#8220; header_2_font_size_tablet=&#8220;&#8220; header_2_font_size_phone=&#8220;&#8220; header_2_font_size_last_edited=&#8220;on|phone&#8220; header_4_font_tablet=&#8220;||||||||&#8220; header_4_font_phone=&#8220;|600|||||||&#8220; header_4_font_last_edited=&#8220;on|tablet&#8220; header_4_font_size_tablet=&#8220;&#8220; header_4_font_size_phone=&#8220;18px&#8220; header_4_font_size_last_edited=&#8220;on|phone&#8220; header_4_line_height_tablet=&#8220;&#8220; header_4_line_height_phone=&#8220;1.3em&#8220; header_4_line_height_last_edited=&#8220;on|desktop&#8220; global_colors_info=&#8220;{}&#8220;]<\/p>\n<h2><span style=\"color: #008080;\">Im Umfeld des EDKH ist \u00fcber viele Jahre hinweg ein Gesundheitscampus entstanden. In unmittelbarer Nachbarschaft haben sich zahlreiche renommierte Praxen und Kliniken unterschiedlicher Fachdisziplinen angesiedelt: Orthop\u00e4die, Sportmedizin, Onkologie, Strahlentherapie, Proctocoloskopie und Nephrologie.<\/span><\/h2>\n<p>[\/et_pb_text][\/et_pb_column][et_pb_column type=&#8220;3_5&#8243; _builder_version=&#8220;4.16&#8243; global_colors_info=&#8220;{}&#8220;][et_pb_text admin_label=&#8220;Text \/ ambulante und station\u00e4re radiologische Versorgung&#8220; _builder_version=&#8220;4.19.5&#8243; text_font=&#8220;||||||||&#8220; text_line_height=&#8220;1.4em&#8220; link_font=&#8220;Montserrat|700|||||||&#8220; link_text_color=&#8220;#fa546d&#8220; link_font_size=&#8220;22px&#8220; link_line_height=&#8220;1.5em&#8220; header_font=&#8220;||||||||&#8220; header_text_color=&#8220;#00ae9f&#8220; header_2_font=&#8220;|600|||||||&#8220; header_2_text_color=&#8220;#00ae9f&#8220; header_2_font_size=&#8220;44px&#8220; header_2_line_height=&#8220;1.4em&#8220; header_6_font=&#8220;|600||on|||||&#8220; header_6_text_color=&#8220;#85c742&#8243; header_6_font_size=&#8220;16px&#8220; header_6_letter_spacing=&#8220;2px&#8220; header_6_line_height=&#8220;1.5em&#8220; max_width_last_edited=&#8220;off|desktop&#8220; module_alignment=&#8220;left&#8220; custom_margin=&#8220;||||false|false&#8220; custom_padding=&#8220;||0px||false|false&#8220; header_2_font_size_tablet=&#8220;&#8220; header_2_font_size_phone=&#8220;28px&#8220; header_2_font_size_last_edited=&#8220;on|phone&#8220; global_colors_info=&#8220;{}&#8220;]<\/p>\n<p>Unser Institut steht f\u00fcr ambulante und station\u00e4re radiologische Versorgung durch erfahrene Fach\u00e4rzte. IBID steht auch f\u00fcr eine Schl\u00fcsselposition zwischen Diagnostik und Therapie in allen medizinischen Fachgebieten. F\u00fcr Freiburg und die Region.<\/p>\n<p><strong>Das IBID<\/strong> ist eine unabh\u00e4ngige radiologische Praxis und steht allen Patienten und \u00e4rztlichen Zuweisern offen. Es ist aber ebenso integrativer Bestandteil des Campus und dem damit verbundenen medizinischen Netzwerk. Die beteiligten Kollegen pflegen eine vertrauensvolle Zusammenarbeit ohne jegliche wirtschaftliche Verflechtungen.<\/p>\n<p>Aus langj\u00e4hriger Erfahrung wissen wir, dass viele Patienten und Zuweiser dankbar sind, wenn wir Radiologen uns \u00fcber die blo\u00dfe medizinische Dienstleistung (Erstellung und Befundung von Bildern) hinaus auch f\u00fcr die weitergehende Versorgung engagieren und mithelfen, die bestm\u00f6gliche Behandlung zu vermitteln. In diesem Sinne nehmen wir neben den t\u00e4glichen Fallbesprechungen im EDKH auch an mehreren w\u00f6chentlichen interdisziplin\u00e4ren Tumorkonferenzen teil.<\/p>\n<p><strong>Die Praxis f\u00fcr Nuklearmedizin<\/strong> von Dr. T. Schumacher befindet sich ebenfalls wie das IBID im Ev. Diakoniekrankenhaus. Dies garantiert die bestm\u00f6gliche Abstimmung zwischen diesen beiden bildgebenden Disziplinen. Dr. Schumacher und Dr. M\u00fcller sind zudem gemeinsam erm\u00e4chtigt, PET-CT-Untersuchungen durchzuf\u00fchren.<\/p>\n<p>Patienten, die sich oft genug etwas verloren f\u00fchlen in den Bestimmungen und Zw\u00e4ngen unseres Gesundheitssystems, k\u00f6nnen von diesen Strukturen profitieren. Sie haben so die M\u00f6glichkeit nach erfolgter Diagnostik und in Abh\u00e4ngigkeit des Befundes zielgerichtet weiter versorgt zu werden, im EDKH oder in einer der benachbarten Kliniken und Praxen, selbstverst\u00e4ndlich nur auf ausdr\u00fccklichen Wunsch des Patienten und des zuweisenden Haus- oder Facharztes.<\/p>\n<p>[\/et_pb_text][et_pb_text disabled_on=&#8220;on|on|on&#8220; _builder_version=&#8220;4.16&#8243; text_font=&#8220;||||||||&#8220; link_font=&#8220;Montserrat|700|||||||&#8220; link_text_color=&#8220;#fa546d&#8220; link_font_size=&#8220;22px&#8220; link_line_height=&#8220;1.5em&#8220; header_font=&#8220;||||||||&#8220; header_text_color=&#8220;#00ae9f&#8220; header_2_font=&#8220;|600|||||||&#8220; header_2_text_color=&#8220;#00ae9f&#8220; header_2_font_size=&#8220;44px&#8220; header_2_line_height=&#8220;1.4em&#8220; header_6_font=&#8220;|600||on|||||&#8220; header_6_text_color=&#8220;#85c742&#8243; header_6_font_size=&#8220;16px&#8220; header_6_letter_spacing=&#8220;2px&#8220; header_6_line_height=&#8220;1.5em&#8220; max_width_last_edited=&#8220;off|desktop&#8220; module_alignment=&#8220;left&#8220; custom_margin=&#8220;||||false|false&#8220; custom_padding=&#8220;||0px||false|false&#8220; header_2_font_size_tablet=&#8220;&#8220; header_2_font_size_phone=&#8220;28px&#8220; header_2_font_size_last_edited=&#8220;on|phone&#8220; disabled=&#8220;on&#8220; global_colors_info=&#8220;{}&#8220;]<\/p>\n<p><em><span style=\"color: #008080;\"><span style=\"color: #ff0000;\">Auch das Mammographie-Screening (Verantwortliche \u00c4rzte: Dr. A. B\u00fcttner und Dr. K. Weingard) wird in naher Zukunft in die Wirthstra\u00dfe verlegt. (Das steht noch nicht fest.)<\/span><\/span><\/em><\/p>\n<p>&nbsp;<\/p>\n<p>&nbsp;<\/p>\n<p>[\/et_pb_text][\/et_pb_column][\/et_pb_row][\/et_pb_section]<\/p>\n","protected":false},"excerpt":{"rendered":"<p>Bestens vernetzt Interdisziplin\u00e4reZusammenarbeit Bei der Diagnostik und Behandlung ist eine enge Zusammenarbeit aller Fachbereiche von besonderer Bedeutung.Kooperation Evangelisches Diakoniekrankenhaus Freiburg (EDKH)Das IBID ist nicht nur im EDKH angesiedelt, sondern gew\u00e4hrleistet auch die radiologische Vollversorgung dieses renommierten Krankenhauses. Alle Abteilungen des EDKH genie\u00dfen einen hervorragenden Ruf \u00fcber die Grenzen der Stadt und Region hinaus und sind bekannt f\u00fcr ihre herausragende medizinische Qualit\u00e4t.Dar\u00fcberhinaus versteht es die Krankenhausleitung, trotz der prek\u00e4ren Situation auf dem Arbeitsmarkt und insbesondere in der Krankenpflege und zunehmend auch bei \u00c4rzten und dem damit verbundenen Wettkampf um gute Mitarbeiter, ein hochqualifiziertes und motiviertes medizinisches Team zu stellen und auch zu erhalten. Das EDKH stellt sich seit Jahren einer freiwilligen Pr\u00fcfung der Qualit\u00e4t und Attraktivit\u00e4t seiner Arbeitsplatzkultur durch das unabh\u00e4ngige Great Place To Work\u00ae Institut und dem Urteil der eigenen Mitarbeitenden und ist auch in diesem Jahr wieder bestens bewertet worden: die Auszeichnung als einer der besten Arbeitgeber Deutschlands 2020 und sogar Platz 1 in der Kategorie \u201eKliniken mit mehr als 50 Besch\u00e4ftigten\u201c sprechen f\u00fcr sich. Wir empfinden die radiologische Versorgung des EDKH nicht nur als Pflicht und Aufgabe, sondern auch als Bereicherung und Berufung. Es ehrt uns, dass uns ein so renommiertes Krankenhaus die radiologische Versorgung seiner Patienten anvertraut [&hellip;]<\/p>\n","protected":false},"author":2,"featured_media":0,"parent":97,"menu_order":7,"comment_status":"closed","ping_status":"closed","template":"","meta":{"_seopress_robots_primary_cat":"","_seopress_titles_title":"","_seopress_titles_desc":"","_seopress_robots_index":"","_et_pb_use_builder":"on","_et_pb_old_content":"","_et_gb_content_width":"","footnotes":""},"class_list":["post-104","page","type-page","status-publish","hentry"],"_links":{"self":[{"href":"https:\/\/www.ibid-radiologie.de\/cms\/wp-json\/wp\/v2\/pages\/104","targetHints":{"allow":["GET"]}}],"collection":[{"href":"https:\/\/www.ibid-radiologie.de\/cms\/wp-json\/wp\/v2\/pages"}],"about":[{"href":"https:\/\/www.ibid-radiologie.de\/cms\/wp-json\/wp\/v2\/types\/page"}],"author":[{"embeddable":true,"href":"https:\/\/www.ibid-radiologie.de\/cms\/wp-json\/wp\/v2\/users\/2"}],"replies":[{"embeddable":true,"href":"https:\/\/www.ibid-radiologie.de\/cms\/wp-json\/wp\/v2\/comments?post=104"}],"version-history":[{"count":2,"href":"https:\/\/www.ibid-radiologie.de\/cms\/wp-json\/wp\/v2\/pages\/104\/revisions"}],"predecessor-version":[{"id":14826,"href":"https:\/\/www.ibid-radiologie.de\/cms\/wp-json\/wp\/v2\/pages\/104\/revisions\/14826"}],"up":[{"embeddable":true,"href":"https:\/\/www.ibid-radiologie.de\/cms\/wp-json\/wp\/v2\/pages\/97"}],"wp:attachment":[{"href":"https:\/\/www.ibid-radiologie.de\/cms\/wp-json\/wp\/v2\/media?parent=104"}],"curies":[{"name":"wp","href":"https:\/\/api.w.org\/{rel}","templated":true}]}}